{"id":37165,"date":"2022-11-29T17:50:54","date_gmt":"2022-11-29T20:50:54","guid":{"rendered":"https:\/\/homolog.harald.com.br\/site-2026\/?post_type=receitas&#038;p=37165"},"modified":"2024-09-27T13:59:14","modified_gmt":"2024-09-27T16:59:14","slug":"torta-alema","status":"publish","type":"receitas","link":"https:\/\/homolog.harald.com.br\/site-2026\/receitas\/torta-alema\/","title":{"rendered":"Torta Alem\u00e3"},"content":{"rendered":false,"protected":false},"featured_media":37167,"template":"","categorias-receitas":[25,28,104,106,210],"momentos-receitas":[211],"tipo-receitas":[186,199],"para-seu-negocio":[],"necessidades-dieteticas":[],"class_list":["post-37165","receitas","type-receitas","status-publish","has-post-thumbnail","hentry","categorias-receitas-categoria-de-produto","categorias-receitas-marca","categorias-receitas-confeiteiro-marca","categorias-receitas-melken","categorias-receitas-food-service","momentos-receitas-para-negocios","tipo-receitas-tortas","tipo-receitas-sobremesas"],"acf":[],"yoast_head":"<!-- This site is optimized with the Yoast SEO plugin v26.3 - https:\/\/yoast.com\/wordpress\/plugins\/seo\/ -->\n<title>Torta Alem\u00e3 - Harald<\/title>\n<meta name=\"description\" content=\"Aprenda a fazer uma deliciosa Torta Alem\u00e3, perfeita para um fa\u00e7a e venda. Feito com produtos Melken e Confeiteiro!\" \/>\n<meta name=\"robots\" content=\"noindex, follow, max-snippet:-1, max-image-preview:large, max-video-preview:-1\" \/>\n<meta property=\"og:locale\" content=\"pt_BR\" \/>\n<meta property=\"og:type\" content=\"article\" \/>\n<meta property=\"og:title\" content=\"Torta Alem\u00e3 - Harald\" \/>\n<meta property=\"og:description\" content=\"Aprenda a fazer uma deliciosa Torta Alem\u00e3, perfeita para um fa\u00e7a e venda. Feito com produtos Melken e Confeiteiro!\" \/>\n<meta property=\"og:url\" content=\"https:\/\/homolog.harald.com.br\/site-2026\/receitas\/torta-alema\/\" \/>\n<meta property=\"og:site_name\" content=\"Harald\" \/>\n<meta property=\"article:publisher\" content=\"https:\/\/www.facebook.com\/HaraldChocolates\/\" \/>\n<meta property=\"article:modified_time\" content=\"2024-09-27T16:59:14+00:00\" \/>\n<meta property=\"og:image\" content=\"https:\/\/homolog.harald.com.br\/site-2026\/wp-content\/uploads\/2022\/11\/imagem-a-esquerda-receitas-torta-alema-960x440-1.jpg\" \/>\n\t<meta property=\"og:image:width\" content=\"960\" \/>\n\t<meta property=\"og:image:height\" content=\"440\" \/>\n\t<meta property=\"og:image:type\" content=\"image\/jpeg\" \/>\n<meta name=\"twitter:card\" content=\"summary_large_image\" \/>\n<meta name=\"twitter:label1\" content=\"Est. tempo de leitura\" \/>\n\t<meta name=\"twitter:data1\" content=\"3 minutos\" \/>\n<script type=\"application\/ld+json\" class=\"yoast-schema-graph\">{\"@context\":\"https:\/\/schema.org\",\"@graph\":[{\"@type\":\"WebPage\",\"@id\":\"https:\/\/homolog.harald.com.br\/site-2026\/receitas\/torta-alema\/\",\"url\":\"https:\/\/homolog.harald.com.br\/site-2026\/receitas\/torta-alema\/\",\"name\":\"Torta Alem\u00e3 - Harald\",\"isPartOf\":{\"@id\":\"https:\/\/homolog.harald.com.br\/site-2026\/#website\"},\"primaryImageOfPage\":{\"@id\":\"https:\/\/homolog.harald.com.br\/site-2026\/receitas\/torta-alema\/#primaryimage\"},\"image\":{\"@id\":\"https:\/\/homolog.harald.com.br\/site-2026\/receitas\/torta-alema\/#primaryimage\"},\"thumbnailUrl\":\"https:\/\/homolog.harald.com.br\/site-2026\/wp-content\/uploads\/2022\/11\/imagem-a-esquerda-receitas-torta-alema-960x440-1.jpg\",\"datePublished\":\"2022-11-29T20:50:54+00:00\",\"dateModified\":\"2024-09-27T16:59:14+00:00\",\"description\":\"Aprenda a fazer uma deliciosa Torta Alem\u00e3, perfeita para um fa\u00e7a e venda. Feito com produtos Melken e Confeiteiro!\",\"breadcrumb\":{\"@id\":\"https:\/\/homolog.harald.com.br\/site-2026\/receitas\/torta-alema\/#breadcrumb\"},\"inLanguage\":\"pt-BR\",\"potentialAction\":[{\"@type\":\"ReadAction\",\"target\":[\"https:\/\/homolog.harald.com.br\/site-2026\/receitas\/torta-alema\/\"]}]},{\"@type\":\"ImageObject\",\"inLanguage\":\"pt-BR\",\"@id\":\"https:\/\/homolog.harald.com.br\/site-2026\/receitas\/torta-alema\/#primaryimage\",\"url\":\"https:\/\/homolog.harald.com.br\/site-2026\/wp-content\/uploads\/2022\/11\/imagem-a-esquerda-receitas-torta-alema-960x440-1.jpg\",\"contentUrl\":\"https:\/\/homolog.harald.com.br\/site-2026\/wp-content\/uploads\/2022\/11\/imagem-a-esquerda-receitas-torta-alema-960x440-1.jpg\",\"width\":960,\"height\":440,\"caption\":\"torta-alem\u00e3\"},{\"@type\":\"BreadcrumbList\",\"@id\":\"https:\/\/homolog.harald.com.br\/site-2026\/receitas\/torta-alema\/#breadcrumb\",\"itemListElement\":[{\"@type\":\"ListItem\",\"position\":1,\"name\":\"In\u00edcio\",\"item\":\"https:\/\/homolog.harald.com.br\/site-2026\/\"},{\"@type\":\"ListItem\",\"position\":2,\"name\":\"Receitas\",\"item\":\"https:\/\/homolog.harald.com.br\/site-2026\/receitas\/\"},{\"@type\":\"ListItem\",\"position\":3,\"name\":\"Torta Alem\u00e3\"}]},{\"@type\":\"WebSite\",\"@id\":\"https:\/\/homolog.harald.com.br\/site-2026\/#website\",\"url\":\"https:\/\/homolog.harald.com.br\/site-2026\/\",\"name\":\"Harald\",\"description\":\"Fazer melhor \u00e9 fazer com paix\u00e3o\",\"publisher\":{\"@id\":\"https:\/\/homolog.harald.com.br\/site-2026\/#organization\"},\"potentialAction\":[{\"@type\":\"SearchAction\",\"target\":{\"@type\":\"EntryPoint\",\"urlTemplate\":\"https:\/\/homolog.harald.com.br\/site-2026\/?s={search_term_string}\"},\"query-input\":{\"@type\":\"PropertyValueSpecification\",\"valueRequired\":true,\"valueName\":\"search_term_string\"}}],\"inLanguage\":\"pt-BR\"},{\"@type\":\"Organization\",\"@id\":\"https:\/\/homolog.harald.com.br\/site-2026\/#organization\",\"name\":\"Harald\",\"url\":\"https:\/\/homolog.harald.com.br\/site-2026\/\",\"logo\":{\"@type\":\"ImageObject\",\"inLanguage\":\"pt-BR\",\"@id\":\"https:\/\/homolog.harald.com.br\/site-2026\/#\/schema\/logo\/image\/\",\"url\":\"https:\/\/homolog.harald.com.br\/site-2026\/wp-content\/uploads\/2022\/09\/logo-harald-cmyk-ss.png\",\"contentUrl\":\"https:\/\/homolog.harald.com.br\/site-2026\/wp-content\/uploads\/2022\/09\/logo-harald-cmyk-ss.png\",\"width\":1948,\"height\":1051,\"caption\":\"Harald\"},\"image\":{\"@id\":\"https:\/\/homolog.harald.com.br\/site-2026\/#\/schema\/logo\/image\/\"},\"sameAs\":[\"https:\/\/www.facebook.com\/HaraldChocolates\/\",\"https:\/\/www.youtube.com\/user\/HaraldChocolates\"]}]}<\/script>\n<!-- \/ Yoast SEO plugin. -->","yoast_head_json":{"title":"Torta Alem\u00e3 - Harald","description":"Aprenda a fazer uma deliciosa Torta Alem\u00e3, perfeita para um fa\u00e7a e venda. Feito com produtos Melken e Confeiteiro!","robots":{"index":"noindex","follow":"follow","max-snippet":"max-snippet:-1","max-image-preview":"max-image-preview:large","max-video-preview":"max-video-preview:-1"},"og_locale":"pt_BR","og_type":"article","og_title":"Torta Alem\u00e3 - Harald","og_description":"Aprenda a fazer uma deliciosa Torta Alem\u00e3, perfeita para um fa\u00e7a e venda. Feito com produtos Melken e Confeiteiro!","og_url":"https:\/\/homolog.harald.com.br\/site-2026\/receitas\/torta-alema\/","og_site_name":"Harald","article_publisher":"https:\/\/www.facebook.com\/HaraldChocolates\/","article_modified_time":"2024-09-27T16:59:14+00:00","og_image":[{"width":960,"height":440,"url":"https:\/\/homolog.harald.com.br\/site-2026\/wp-content\/uploads\/2022\/11\/imagem-a-esquerda-receitas-torta-alema-960x440-1.jpg","type":"image\/jpeg"}],"twitter_card":"summary_large_image","twitter_misc":{"Est. tempo de leitura":"3 minutos"},"schema":{"@context":"https:\/\/schema.org","@graph":[{"@type":"WebPage","@id":"https:\/\/homolog.harald.com.br\/site-2026\/receitas\/torta-alema\/","url":"https:\/\/homolog.harald.com.br\/site-2026\/receitas\/torta-alema\/","name":"Torta Alem\u00e3 - Harald","isPartOf":{"@id":"https:\/\/homolog.harald.com.br\/site-2026\/#website"},"primaryImageOfPage":{"@id":"https:\/\/homolog.harald.com.br\/site-2026\/receitas\/torta-alema\/#primaryimage"},"image":{"@id":"https:\/\/homolog.harald.com.br\/site-2026\/receitas\/torta-alema\/#primaryimage"},"thumbnailUrl":"https:\/\/homolog.harald.com.br\/site-2026\/wp-content\/uploads\/2022\/11\/imagem-a-esquerda-receitas-torta-alema-960x440-1.jpg","datePublished":"2022-11-29T20:50:54+00:00","dateModified":"2024-09-27T16:59:14+00:00","description":"Aprenda a fazer uma deliciosa Torta Alem\u00e3, perfeita para um fa\u00e7a e venda. Feito com produtos Melken e Confeiteiro!","breadcrumb":{"@id":"https:\/\/homolog.harald.com.br\/site-2026\/receitas\/torta-alema\/#breadcrumb"},"inLanguage":"pt-BR","potentialAction":[{"@type":"ReadAction","target":["https:\/\/homolog.harald.com.br\/site-2026\/receitas\/torta-alema\/"]}]},{"@type":"ImageObject","inLanguage":"pt-BR","@id":"https:\/\/homolog.harald.com.br\/site-2026\/receitas\/torta-alema\/#primaryimage","url":"https:\/\/homolog.harald.com.br\/site-2026\/wp-content\/uploads\/2022\/11\/imagem-a-esquerda-receitas-torta-alema-960x440-1.jpg","contentUrl":"https:\/\/homolog.harald.com.br\/site-2026\/wp-content\/uploads\/2022\/11\/imagem-a-esquerda-receitas-torta-alema-960x440-1.jpg","width":960,"height":440,"caption":"torta-alem\u00e3"},{"@type":"BreadcrumbList","@id":"https:\/\/homolog.harald.com.br\/site-2026\/receitas\/torta-alema\/#breadcrumb","itemListElement":[{"@type":"ListItem","position":1,"name":"In\u00edcio","item":"https:\/\/homolog.harald.com.br\/site-2026\/"},{"@type":"ListItem","position":2,"name":"Receitas","item":"https:\/\/homolog.harald.com.br\/site-2026\/receitas\/"},{"@type":"ListItem","position":3,"name":"Torta Alem\u00e3"}]},{"@type":"WebSite","@id":"https:\/\/homolog.harald.com.br\/site-2026\/#website","url":"https:\/\/homolog.harald.com.br\/site-2026\/","name":"Harald","description":"Fazer melhor \u00e9 fazer com paix\u00e3o","publisher":{"@id":"https:\/\/homolog.harald.com.br\/site-2026\/#organization"},"potentialAction":[{"@type":"SearchAction","target":{"@type":"EntryPoint","urlTemplate":"https:\/\/homolog.harald.com.br\/site-2026\/?s={search_term_string}"},"query-input":{"@type":"PropertyValueSpecification","valueRequired":true,"valueName":"search_term_string"}}],"inLanguage":"pt-BR"},{"@type":"Organization","@id":"https:\/\/homolog.harald.com.br\/site-2026\/#organization","name":"Harald","url":"https:\/\/homolog.harald.com.br\/site-2026\/","logo":{"@type":"ImageObject","inLanguage":"pt-BR","@id":"https:\/\/homolog.harald.com.br\/site-2026\/#\/schema\/logo\/image\/","url":"https:\/\/homolog.harald.com.br\/site-2026\/wp-content\/uploads\/2022\/09\/logo-harald-cmyk-ss.png","contentUrl":"https:\/\/homolog.harald.com.br\/site-2026\/wp-content\/uploads\/2022\/09\/logo-harald-cmyk-ss.png","width":1948,"height":1051,"caption":"Harald"},"image":{"@id":"https:\/\/homolog.harald.com.br\/site-2026\/#\/schema\/logo\/image\/"},"sameAs":["https:\/\/www.facebook.com\/HaraldChocolates\/","https:\/\/www.youtube.com\/user\/HaraldChocolates"]}]}},"uagb_featured_image_src":{"full":["https:\/\/homolog.harald.com.br\/site-2026\/wp-content\/uploads\/2022\/11\/imagem-a-esquerda-receitas-torta-alema-960x440-1.jpg",960,440,false],"thumbnail":["https:\/\/homolog.harald.com.br\/site-2026\/wp-content\/uploads\/2022\/11\/imagem-a-esquerda-receitas-torta-alema-960x440-1-150x150.jpg",150,150,true],"medium":["https:\/\/homolog.harald.com.br\/site-2026\/wp-content\/uploads\/2022\/11\/imagem-a-esquerda-receitas-torta-alema-960x440-1-300x138.jpg",300,138,true],"medium_large":["https:\/\/homolog.harald.com.br\/site-2026\/wp-content\/uploads\/2022\/11\/imagem-a-esquerda-receitas-torta-alema-960x440-1-768x352.jpg",768,352,true],"large":["https:\/\/homolog.harald.com.br\/site-2026\/wp-content\/uploads\/2022\/11\/imagem-a-esquerda-receitas-torta-alema-960x440-1.jpg",960,440,false],"1536x1536":["https:\/\/homolog.harald.com.br\/site-2026\/wp-content\/uploads\/2022\/11\/imagem-a-esquerda-receitas-torta-alema-960x440-1.jpg",960,440,false],"2048x2048":["https:\/\/homolog.harald.com.br\/site-2026\/wp-content\/uploads\/2022\/11\/imagem-a-esquerda-receitas-torta-alema-960x440-1.jpg",960,440,false],"full-width":["https:\/\/homolog.harald.com.br\/site-2026\/wp-content\/uploads\/2022\/11\/imagem-a-esquerda-receitas-torta-alema-960x440-1.jpg",960,440,false],"gform-image-choice-sm":["https:\/\/homolog.harald.com.br\/site-2026\/wp-content\/uploads\/2022\/11\/imagem-a-esquerda-receitas-torta-alema-960x440-1.jpg",300,138,false],"gform-image-choice-md":["https:\/\/homolog.harald.com.br\/site-2026\/wp-content\/uploads\/2022\/11\/imagem-a-esquerda-receitas-torta-alema-960x440-1.jpg",400,183,false],"gform-image-choice-lg":["https:\/\/homolog.harald.com.br\/site-2026\/wp-content\/uploads\/2022\/11\/imagem-a-esquerda-receitas-torta-alema-960x440-1.jpg",600,275,false]},"uagb_author_info":{"display_name":"Bruna Teodoro","author_link":"https:\/\/homolog.harald.com.br\/site-2026\/blog\/author\/"},"uagb_comment_info":0,"uagb_excerpt":null,"_links":{"self":[{"href":"https:\/\/homolog.harald.com.br\/site-2026\/wp-json\/wp\/v2\/receitas\/37165","targetHints":{"allow":["GET"]}}],"collection":[{"href":"https:\/\/homolog.harald.com.br\/site-2026\/wp-json\/wp\/v2\/receitas"}],"about":[{"href":"https:\/\/homolog.harald.com.br\/site-2026\/wp-json\/wp\/v2\/types\/receitas"}],"wp:featuredmedia":[{"embeddable":true,"href":"https:\/\/homolog.harald.com.br\/site-2026\/wp-json\/wp\/v2\/media\/37167"}],"wp:attachment":[{"href":"https:\/\/homolog.harald.com.br\/site-2026\/wp-json\/wp\/v2\/media?parent=37165"}],"wp:term":[{"taxonomy":"categorias-receitas","embeddable":true,"href":"https:\/\/homolog.harald.com.br\/site-2026\/wp-json\/wp\/v2\/categorias-receitas?post=37165"},{"taxonomy":"momentos-receitas","embeddable":true,"href":"https:\/\/homolog.harald.com.br\/site-2026\/wp-json\/wp\/v2\/momentos-receitas?post=37165"},{"taxonomy":"tipo-receitas","embeddable":true,"href":"https:\/\/homolog.harald.com.br\/site-2026\/wp-json\/wp\/v2\/tipo-receitas?post=37165"},{"taxonomy":"para-seu-negocio","embeddable":true,"href":"https:\/\/homolog.harald.com.br\/site-2026\/wp-json\/wp\/v2\/para-seu-negocio?post=37165"},{"taxonomy":"necessidades-dieteticas","embeddable":true,"href":"https:\/\/homolog.harald.com.br\/site-2026\/wp-json\/wp\/v2\/necessidades-dieteticas?post=37165"}],"curies":[{"name":"wp","href":"https:\/\/api.w.org\/{rel}","templated":true}]}}