{"id":250830,"date":"2025-02-10T11:49:09","date_gmt":"2025-02-10T14:49:09","guid":{"rendered":"https:\/\/homolog.harald.com.br\/site-2026\/?post_type=receitas&#038;p=250830"},"modified":"2026-02-26T10:28:12","modified_gmt":"2026-02-26T13:28:12","slug":"ovo-brigadeiro-granule","status":"publish","type":"receitas","link":"https:\/\/homolog.harald.com.br\/site-2026\/receitas\/ovo-brigadeiro-granule\/","title":{"rendered":"Ovo Brigadeiro Granul\u00e9"},"content":{"rendered":false,"protected":false},"featured_media":250832,"template":"","categorias-receitas":[48,106],"momentos-receitas":[171],"tipo-receitas":[194],"para-seu-negocio":[],"necessidades-dieteticas":[],"class_list":["post-250830","receitas","type-receitas","status-publish","has-post-thumbnail","hentry","categorias-receitas-chocolate","categorias-receitas-melken","momentos-receitas-pascoa","tipo-receitas-ovos-de-pascoa"],"acf":[],"yoast_head":"<!-- This site is optimized with the Yoast SEO plugin v26.3 - https:\/\/yoast.com\/wordpress\/plugins\/seo\/ -->\n<title>Ovo Brigadeiro Granul\u00e9 - Harald<\/title>\n<meta name=\"description\" content=\"Delicioso Ovo Brigadeiro Granul\u00e9, recheado com brigadeiro cremoso, coberto com Granul\u00e9s Melken. Uma obra de arte para P\u00e1scoa!\" \/>\n<meta name=\"robots\" content=\"noindex, follow, max-snippet:-1, max-image-preview:large, max-video-preview:-1\" \/>\n<meta property=\"og:locale\" content=\"pt_BR\" \/>\n<meta property=\"og:type\" content=\"article\" \/>\n<meta property=\"og:title\" content=\"Ovo Brigadeiro Granul\u00e9 - Harald\" \/>\n<meta property=\"og:description\" content=\"Delicioso Ovo Brigadeiro Granul\u00e9, recheado com brigadeiro cremoso, coberto com Granul\u00e9s Melken. Uma obra de arte para P\u00e1scoa!\" \/>\n<meta property=\"og:url\" content=\"https:\/\/homolog.harald.com.br\/site-2026\/receitas\/ovo-brigadeiro-granule\/\" \/>\n<meta property=\"og:site_name\" content=\"Harald\" \/>\n<meta property=\"article:publisher\" content=\"https:\/\/www.facebook.com\/HaraldChocolates\/\" \/>\n<meta property=\"article:modified_time\" content=\"2026-02-26T13:28:12+00:00\" \/>\n<meta property=\"og:image\" content=\"https:\/\/homolog.harald.com.br\/site-2026\/wp-content\/uploads\/2025\/02\/ovo-brigadeiro-granule-scaled-e1739197705219.jpg\" \/>\n\t<meta property=\"og:image:width\" content=\"2202\" \/>\n\t<meta property=\"og:image:height\" content=\"1485\" \/>\n\t<meta property=\"og:image:type\" content=\"image\/jpeg\" \/>\n<meta name=\"twitter:card\" content=\"summary_large_image\" \/>\n<meta name=\"twitter:label1\" content=\"Est. tempo de leitura\" \/>\n\t<meta name=\"twitter:data1\" content=\"3 minutos\" \/>\n<script type=\"application\/ld+json\" class=\"yoast-schema-graph\">{\"@context\":\"https:\/\/schema.org\",\"@graph\":[{\"@type\":\"WebPage\",\"@id\":\"https:\/\/homolog.harald.com.br\/site-2026\/receitas\/ovo-brigadeiro-granule\/\",\"url\":\"https:\/\/homolog.harald.com.br\/site-2026\/receitas\/ovo-brigadeiro-granule\/\",\"name\":\"Ovo Brigadeiro Granul\u00e9 - Harald\",\"isPartOf\":{\"@id\":\"https:\/\/homolog.harald.com.br\/site-2026\/#website\"},\"primaryImageOfPage\":{\"@id\":\"https:\/\/homolog.harald.com.br\/site-2026\/receitas\/ovo-brigadeiro-granule\/#primaryimage\"},\"image\":{\"@id\":\"https:\/\/homolog.harald.com.br\/site-2026\/receitas\/ovo-brigadeiro-granule\/#primaryimage\"},\"thumbnailUrl\":\"https:\/\/homolog.harald.com.br\/site-2026\/wp-content\/uploads\/2025\/02\/ovo-brigadeiro-granule-scaled-e1739197705219.jpg\",\"datePublished\":\"2025-02-10T14:49:09+00:00\",\"dateModified\":\"2026-02-26T13:28:12+00:00\",\"description\":\"Delicioso Ovo Brigadeiro Granul\u00e9, recheado com brigadeiro cremoso, coberto com Granul\u00e9s Melken. Uma obra de arte para P\u00e1scoa!\",\"breadcrumb\":{\"@id\":\"https:\/\/homolog.harald.com.br\/site-2026\/receitas\/ovo-brigadeiro-granule\/#breadcrumb\"},\"inLanguage\":\"pt-BR\",\"potentialAction\":[{\"@type\":\"ReadAction\",\"target\":[\"https:\/\/homolog.harald.com.br\/site-2026\/receitas\/ovo-brigadeiro-granule\/\"]}]},{\"@type\":\"ImageObject\",\"inLanguage\":\"pt-BR\",\"@id\":\"https:\/\/homolog.harald.com.br\/site-2026\/receitas\/ovo-brigadeiro-granule\/#primaryimage\",\"url\":\"https:\/\/homolog.harald.com.br\/site-2026\/wp-content\/uploads\/2025\/02\/ovo-brigadeiro-granule-scaled-e1739197705219.jpg\",\"contentUrl\":\"https:\/\/homolog.harald.com.br\/site-2026\/wp-content\/uploads\/2025\/02\/ovo-brigadeiro-granule-scaled-e1739197705219.jpg\",\"width\":2202,\"height\":1485,\"caption\":\"Ovo Brigadeiro Granul\u00e9\"},{\"@type\":\"BreadcrumbList\",\"@id\":\"https:\/\/homolog.harald.com.br\/site-2026\/receitas\/ovo-brigadeiro-granule\/#breadcrumb\",\"itemListElement\":[{\"@type\":\"ListItem\",\"position\":1,\"name\":\"In\u00edcio\",\"item\":\"https:\/\/homolog.harald.com.br\/site-2026\/\"},{\"@type\":\"ListItem\",\"position\":2,\"name\":\"Receitas\",\"item\":\"https:\/\/homolog.harald.com.br\/site-2026\/receitas\/\"},{\"@type\":\"ListItem\",\"position\":3,\"name\":\"Ovo Brigadeiro Granul\u00e9\"}]},{\"@type\":\"WebSite\",\"@id\":\"https:\/\/homolog.harald.com.br\/site-2026\/#website\",\"url\":\"https:\/\/homolog.harald.com.br\/site-2026\/\",\"name\":\"Harald\",\"description\":\"Fazer melhor \u00e9 fazer com paix\u00e3o\",\"publisher\":{\"@id\":\"https:\/\/homolog.harald.com.br\/site-2026\/#organization\"},\"potentialAction\":[{\"@type\":\"SearchAction\",\"target\":{\"@type\":\"EntryPoint\",\"urlTemplate\":\"https:\/\/homolog.harald.com.br\/site-2026\/?s={search_term_string}\"},\"query-input\":{\"@type\":\"PropertyValueSpecification\",\"valueRequired\":true,\"valueName\":\"search_term_string\"}}],\"inLanguage\":\"pt-BR\"},{\"@type\":\"Organization\",\"@id\":\"https:\/\/homolog.harald.com.br\/site-2026\/#organization\",\"name\":\"Harald\",\"url\":\"https:\/\/homolog.harald.com.br\/site-2026\/\",\"logo\":{\"@type\":\"ImageObject\",\"inLanguage\":\"pt-BR\",\"@id\":\"https:\/\/homolog.harald.com.br\/site-2026\/#\/schema\/logo\/image\/\",\"url\":\"https:\/\/homolog.harald.com.br\/site-2026\/wp-content\/uploads\/2022\/09\/logo-harald-cmyk-ss.png\",\"contentUrl\":\"https:\/\/homolog.harald.com.br\/site-2026\/wp-content\/uploads\/2022\/09\/logo-harald-cmyk-ss.png\",\"width\":1948,\"height\":1051,\"caption\":\"Harald\"},\"image\":{\"@id\":\"https:\/\/homolog.harald.com.br\/site-2026\/#\/schema\/logo\/image\/\"},\"sameAs\":[\"https:\/\/www.facebook.com\/HaraldChocolates\/\",\"https:\/\/www.youtube.com\/user\/HaraldChocolates\"]}]}<\/script>\n<!-- \/ Yoast SEO plugin. -->","yoast_head_json":{"title":"Ovo Brigadeiro Granul\u00e9 - Harald","description":"Delicioso Ovo Brigadeiro Granul\u00e9, recheado com brigadeiro cremoso, coberto com Granul\u00e9s Melken. Uma obra de arte para P\u00e1scoa!","robots":{"index":"noindex","follow":"follow","max-snippet":"max-snippet:-1","max-image-preview":"max-image-preview:large","max-video-preview":"max-video-preview:-1"},"og_locale":"pt_BR","og_type":"article","og_title":"Ovo Brigadeiro Granul\u00e9 - Harald","og_description":"Delicioso Ovo Brigadeiro Granul\u00e9, recheado com brigadeiro cremoso, coberto com Granul\u00e9s Melken. Uma obra de arte para P\u00e1scoa!","og_url":"https:\/\/homolog.harald.com.br\/site-2026\/receitas\/ovo-brigadeiro-granule\/","og_site_name":"Harald","article_publisher":"https:\/\/www.facebook.com\/HaraldChocolates\/","article_modified_time":"2026-02-26T13:28:12+00:00","og_image":[{"width":2202,"height":1485,"url":"https:\/\/homolog.harald.com.br\/site-2026\/wp-content\/uploads\/2025\/02\/ovo-brigadeiro-granule-scaled-e1739197705219.jpg","type":"image\/jpeg"}],"twitter_card":"summary_large_image","twitter_misc":{"Est. tempo de leitura":"3 minutos"},"schema":{"@context":"https:\/\/schema.org","@graph":[{"@type":"WebPage","@id":"https:\/\/homolog.harald.com.br\/site-2026\/receitas\/ovo-brigadeiro-granule\/","url":"https:\/\/homolog.harald.com.br\/site-2026\/receitas\/ovo-brigadeiro-granule\/","name":"Ovo Brigadeiro Granul\u00e9 - Harald","isPartOf":{"@id":"https:\/\/homolog.harald.com.br\/site-2026\/#website"},"primaryImageOfPage":{"@id":"https:\/\/homolog.harald.com.br\/site-2026\/receitas\/ovo-brigadeiro-granule\/#primaryimage"},"image":{"@id":"https:\/\/homolog.harald.com.br\/site-2026\/receitas\/ovo-brigadeiro-granule\/#primaryimage"},"thumbnailUrl":"https:\/\/homolog.harald.com.br\/site-2026\/wp-content\/uploads\/2025\/02\/ovo-brigadeiro-granule-scaled-e1739197705219.jpg","datePublished":"2025-02-10T14:49:09+00:00","dateModified":"2026-02-26T13:28:12+00:00","description":"Delicioso Ovo Brigadeiro Granul\u00e9, recheado com brigadeiro cremoso, coberto com Granul\u00e9s Melken. Uma obra de arte para P\u00e1scoa!","breadcrumb":{"@id":"https:\/\/homolog.harald.com.br\/site-2026\/receitas\/ovo-brigadeiro-granule\/#breadcrumb"},"inLanguage":"pt-BR","potentialAction":[{"@type":"ReadAction","target":["https:\/\/homolog.harald.com.br\/site-2026\/receitas\/ovo-brigadeiro-granule\/"]}]},{"@type":"ImageObject","inLanguage":"pt-BR","@id":"https:\/\/homolog.harald.com.br\/site-2026\/receitas\/ovo-brigadeiro-granule\/#primaryimage","url":"https:\/\/homolog.harald.com.br\/site-2026\/wp-content\/uploads\/2025\/02\/ovo-brigadeiro-granule-scaled-e1739197705219.jpg","contentUrl":"https:\/\/homolog.harald.com.br\/site-2026\/wp-content\/uploads\/2025\/02\/ovo-brigadeiro-granule-scaled-e1739197705219.jpg","width":2202,"height":1485,"caption":"Ovo Brigadeiro Granul\u00e9"},{"@type":"BreadcrumbList","@id":"https:\/\/homolog.harald.com.br\/site-2026\/receitas\/ovo-brigadeiro-granule\/#breadcrumb","itemListElement":[{"@type":"ListItem","position":1,"name":"In\u00edcio","item":"https:\/\/homolog.harald.com.br\/site-2026\/"},{"@type":"ListItem","position":2,"name":"Receitas","item":"https:\/\/homolog.harald.com.br\/site-2026\/receitas\/"},{"@type":"ListItem","position":3,"name":"Ovo Brigadeiro Granul\u00e9"}]},{"@type":"WebSite","@id":"https:\/\/homolog.harald.com.br\/site-2026\/#website","url":"https:\/\/homolog.harald.com.br\/site-2026\/","name":"Harald","description":"Fazer melhor \u00e9 fazer com paix\u00e3o","publisher":{"@id":"https:\/\/homolog.harald.com.br\/site-2026\/#organization"},"potentialAction":[{"@type":"SearchAction","target":{"@type":"EntryPoint","urlTemplate":"https:\/\/homolog.harald.com.br\/site-2026\/?s={search_term_string}"},"query-input":{"@type":"PropertyValueSpecification","valueRequired":true,"valueName":"search_term_string"}}],"inLanguage":"pt-BR"},{"@type":"Organization","@id":"https:\/\/homolog.harald.com.br\/site-2026\/#organization","name":"Harald","url":"https:\/\/homolog.harald.com.br\/site-2026\/","logo":{"@type":"ImageObject","inLanguage":"pt-BR","@id":"https:\/\/homolog.harald.com.br\/site-2026\/#\/schema\/logo\/image\/","url":"https:\/\/homolog.harald.com.br\/site-2026\/wp-content\/uploads\/2022\/09\/logo-harald-cmyk-ss.png","contentUrl":"https:\/\/homolog.harald.com.br\/site-2026\/wp-content\/uploads\/2022\/09\/logo-harald-cmyk-ss.png","width":1948,"height":1051,"caption":"Harald"},"image":{"@id":"https:\/\/homolog.harald.com.br\/site-2026\/#\/schema\/logo\/image\/"},"sameAs":["https:\/\/www.facebook.com\/HaraldChocolates\/","https:\/\/www.youtube.com\/user\/HaraldChocolates"]}]}},"uagb_featured_image_src":{"full":["https:\/\/homolog.harald.com.br\/site-2026\/wp-content\/uploads\/2025\/02\/ovo-brigadeiro-granule-scaled-e1739197705219.jpg",2202,1485,false],"thumbnail":["https:\/\/homolog.harald.com.br\/site-2026\/wp-content\/uploads\/2025\/02\/ovo-brigadeiro-granule-scaled-e1739197705219-150x150.jpg",150,150,true],"medium":["https:\/\/homolog.harald.com.br\/site-2026\/wp-content\/uploads\/2025\/02\/ovo-brigadeiro-granule-scaled-e1739197705219-300x202.jpg",300,202,true],"medium_large":["https:\/\/homolog.harald.com.br\/site-2026\/wp-content\/uploads\/2025\/02\/ovo-brigadeiro-granule-scaled-e1739197705219-768x518.jpg",768,518,true],"large":["https:\/\/homolog.harald.com.br\/site-2026\/wp-content\/uploads\/2025\/02\/ovo-brigadeiro-granule-scaled-e1739197705219-1024x691.jpg",1024,691,true],"1536x1536":["https:\/\/homolog.harald.com.br\/site-2026\/wp-content\/uploads\/2025\/02\/ovo-brigadeiro-granule-scaled-e1739197705219-1536x1036.jpg",1536,1036,true],"2048x2048":["https:\/\/homolog.harald.com.br\/site-2026\/wp-content\/uploads\/2025\/02\/ovo-brigadeiro-granule-scaled-e1739197705219-2048x1381.jpg",2048,1381,true],"full-width":["https:\/\/homolog.harald.com.br\/site-2026\/wp-content\/uploads\/2025\/02\/ovo-brigadeiro-granule-scaled-e1739197705219.jpg",1601,1080,false],"gform-image-choice-sm":["https:\/\/homolog.harald.com.br\/site-2026\/wp-content\/uploads\/2025\/02\/ovo-brigadeiro-granule-scaled-e1739197705219.jpg",300,202,false],"gform-image-choice-md":["https:\/\/homolog.harald.com.br\/site-2026\/wp-content\/uploads\/2025\/02\/ovo-brigadeiro-granule-scaled-e1739197705219.jpg",400,270,false],"gform-image-choice-lg":["https:\/\/homolog.harald.com.br\/site-2026\/wp-content\/uploads\/2025\/02\/ovo-brigadeiro-granule-scaled-e1739197705219.jpg",600,405,false]},"uagb_author_info":{"display_name":"Beatriz Oliveira","author_link":"https:\/\/homolog.harald.com.br\/site-2026\/blog\/author\/"},"uagb_comment_info":0,"uagb_excerpt":null,"_links":{"self":[{"href":"https:\/\/homolog.harald.com.br\/site-2026\/wp-json\/wp\/v2\/receitas\/250830","targetHints":{"allow":["GET"]}}],"collection":[{"href":"https:\/\/homolog.harald.com.br\/site-2026\/wp-json\/wp\/v2\/receitas"}],"about":[{"href":"https:\/\/homolog.harald.com.br\/site-2026\/wp-json\/wp\/v2\/types\/receitas"}],"wp:featuredmedia":[{"embeddable":true,"href":"https:\/\/homolog.harald.com.br\/site-2026\/wp-json\/wp\/v2\/media\/250832"}],"wp:attachment":[{"href":"https:\/\/homolog.harald.com.br\/site-2026\/wp-json\/wp\/v2\/media?parent=250830"}],"wp:term":[{"taxonomy":"categorias-receitas","embeddable":true,"href":"https:\/\/homolog.harald.com.br\/site-2026\/wp-json\/wp\/v2\/categorias-receitas?post=250830"},{"taxonomy":"momentos-receitas","embeddable":true,"href":"https:\/\/homolog.harald.com.br\/site-2026\/wp-json\/wp\/v2\/momentos-receitas?post=250830"},{"taxonomy":"tipo-receitas","embeddable":true,"href":"https:\/\/homolog.harald.com.br\/site-2026\/wp-json\/wp\/v2\/tipo-receitas?post=250830"},{"taxonomy":"para-seu-negocio","embeddable":true,"href":"https:\/\/homolog.harald.com.br\/site-2026\/wp-json\/wp\/v2\/para-seu-negocio?post=250830"},{"taxonomy":"necessidades-dieteticas","embeddable":true,"href":"https:\/\/homolog.harald.com.br\/site-2026\/wp-json\/wp\/v2\/necessidades-dieteticas?post=250830"}],"curies":[{"name":"wp","href":"https:\/\/api.w.org\/{rel}","templated":true}]}}