{"id":204479,"date":"2024-08-14T12:09:35","date_gmt":"2024-08-14T15:09:35","guid":{"rendered":"https:\/\/homolog.harald.com.br\/site-2026\/?post_type=produtos&#038;p=204479"},"modified":"2026-02-25T16:39:20","modified_gmt":"2026-02-25T19:39:20","slug":"recheio-e-cobertura-confeiteiro-sabor-morango-em-balde-235kg","status":"publish","type":"produtos","link":"https:\/\/homolog.harald.com.br\/site-2026\/produtos\/recheio-e-cobertura-confeiteiro-sabor-morango-em-balde-235kg\/","title":{"rendered":"Recheio e Cobertura Confeiteiro sabor Morango em Balde 2,3kg"},"content":{"rendered":"<p>O <strong>Recheio e Cobertura Confeiteiro Sabor Morango 2,3kg<\/strong> \u00e9 a escolha ideal para quem busca praticidade e sabor em suas receitas. Assim, perfeito para cobrir, rechear e finalizar bolos, tortas e outros doces, esse produto oferece uma consist\u00eancia firme e uma aplica\u00e7\u00e3o f\u00e1cil, garantindo resultados impec\u00e1veis. Al\u00e9m disso, ele mant\u00e9m sua qualidade mesmo ap\u00f3s forneamento e congelamento, tornando-o vers\u00e1til para diversos tipos de preparos.<\/p>\n","protected":false},"featured_media":204485,"template":"","categorias-produtos":[55,110,209],"para-seu-negocio":[],"aplicacao":[],"formato":[],"peso-produto":[],"class_list":["post-204479","produtos","type-produtos","status-publish","has-post-thumbnail","hentry","categorias-produtos-coberturas-categoria","categorias-produtos-confeiteiro-marca-produto","categorias-produtos-food-service"],"acf":[],"yoast_head":"<!-- This site is optimized with the Yoast SEO plugin v26.3 - https:\/\/yoast.com\/wordpress\/plugins\/seo\/ -->\n<title>Recheio e Cobertura Confeiteiro sabor Morango em Balde 2,3kg - Harald<\/title>\n<meta name=\"description\" content=\"Descubra o Recheio e Cobertura Confeiteiro Sabor Morango 2,3kg, ideal para rechear e cobrir bolos e mais com praticidade e qualidade!\" \/>\n<meta name=\"robots\" content=\"noindex, follow, max-snippet:-1, max-image-preview:large, max-video-preview:-1\" \/>\n<meta property=\"og:locale\" content=\"pt_BR\" \/>\n<meta property=\"og:type\" content=\"article\" \/>\n<meta property=\"og:title\" content=\"Recheio e Cobertura Confeiteiro sabor Morango em Balde 2,3kg - Harald\" \/>\n<meta property=\"og:description\" content=\"Descubra o Recheio e Cobertura Confeiteiro Sabor Morango 2,3kg, ideal para rechear e cobrir bolos e mais com praticidade e qualidade!\" \/>\n<meta property=\"og:url\" content=\"https:\/\/homolog.harald.com.br\/site-2026\/produtos\/recheio-e-cobertura-confeiteiro-sabor-morango-em-balde-235kg\/\" \/>\n<meta property=\"og:site_name\" content=\"Harald\" \/>\n<meta property=\"article:publisher\" content=\"https:\/\/www.facebook.com\/HaraldChocolates\/\" \/>\n<meta property=\"article:modified_time\" content=\"2026-02-25T19:39:20+00:00\" \/>\n<meta property=\"og:image\" content=\"https:\/\/homolog.harald.com.br\/site-2026\/wp-content\/uploads\/2024\/08\/confeito-balde-morango-4kg-final-e1772048342285.png\" \/>\n\t<meta property=\"og:image:width\" content=\"1500\" \/>\n\t<meta property=\"og:image:height\" content=\"1757\" \/>\n\t<meta property=\"og:image:type\" content=\"image\/png\" \/>\n<meta name=\"twitter:card\" content=\"summary_large_image\" \/>\n<meta name=\"twitter:label1\" content=\"Est. tempo de leitura\" \/>\n\t<meta name=\"twitter:data1\" content=\"3 minutos\" \/>\n<script type=\"application\/ld+json\" class=\"yoast-schema-graph\">{\"@context\":\"https:\/\/schema.org\",\"@graph\":[{\"@type\":\"WebPage\",\"@id\":\"https:\/\/homolog.harald.com.br\/site-2026\/produtos\/recheio-e-cobertura-confeiteiro-sabor-morango-em-balde-235kg\/\",\"url\":\"https:\/\/homolog.harald.com.br\/site-2026\/produtos\/recheio-e-cobertura-confeiteiro-sabor-morango-em-balde-235kg\/\",\"name\":\"Recheio e Cobertura Confeiteiro sabor Morango em Balde 2,3kg - Harald\",\"isPartOf\":{\"@id\":\"https:\/\/homolog.harald.com.br\/site-2026\/#website\"},\"primaryImageOfPage\":{\"@id\":\"https:\/\/homolog.harald.com.br\/site-2026\/produtos\/recheio-e-cobertura-confeiteiro-sabor-morango-em-balde-235kg\/#primaryimage\"},\"image\":{\"@id\":\"https:\/\/homolog.harald.com.br\/site-2026\/produtos\/recheio-e-cobertura-confeiteiro-sabor-morango-em-balde-235kg\/#primaryimage\"},\"thumbnailUrl\":\"https:\/\/homolog.harald.com.br\/site-2026\/wp-content\/uploads\/2024\/08\/confeito-balde-morango-4kg-final-e1772048342285.png\",\"datePublished\":\"2024-08-14T15:09:35+00:00\",\"dateModified\":\"2026-02-25T19:39:20+00:00\",\"description\":\"Descubra o Recheio e Cobertura Confeiteiro Sabor Morango 2,3kg, ideal para rechear e cobrir bolos e mais com praticidade e qualidade!\",\"breadcrumb\":{\"@id\":\"https:\/\/homolog.harald.com.br\/site-2026\/produtos\/recheio-e-cobertura-confeiteiro-sabor-morango-em-balde-235kg\/#breadcrumb\"},\"inLanguage\":\"pt-BR\",\"potentialAction\":[{\"@type\":\"ReadAction\",\"target\":[\"https:\/\/homolog.harald.com.br\/site-2026\/produtos\/recheio-e-cobertura-confeiteiro-sabor-morango-em-balde-235kg\/\"]}]},{\"@type\":\"ImageObject\",\"inLanguage\":\"pt-BR\",\"@id\":\"https:\/\/homolog.harald.com.br\/site-2026\/produtos\/recheio-e-cobertura-confeiteiro-sabor-morango-em-balde-235kg\/#primaryimage\",\"url\":\"https:\/\/homolog.harald.com.br\/site-2026\/wp-content\/uploads\/2024\/08\/confeito-balde-morango-4kg-final-e1772048342285.png\",\"contentUrl\":\"https:\/\/homolog.harald.com.br\/site-2026\/wp-content\/uploads\/2024\/08\/confeito-balde-morango-4kg-final-e1772048342285.png\",\"width\":1500,\"height\":1757},{\"@type\":\"BreadcrumbList\",\"@id\":\"https:\/\/homolog.harald.com.br\/site-2026\/produtos\/recheio-e-cobertura-confeiteiro-sabor-morango-em-balde-235kg\/#breadcrumb\",\"itemListElement\":[{\"@type\":\"ListItem\",\"position\":1,\"name\":\"In\u00edcio\",\"item\":\"https:\/\/homolog.harald.com.br\/site-2026\/\"},{\"@type\":\"ListItem\",\"position\":2,\"name\":\"Produtos\",\"item\":\"https:\/\/homolog.harald.com.br\/site-2026\/produtos\/\"},{\"@type\":\"ListItem\",\"position\":3,\"name\":\"Recheio e Cobertura Confeiteiro sabor Morango em Balde 2,3kg\"}]},{\"@type\":\"WebSite\",\"@id\":\"https:\/\/homolog.harald.com.br\/site-2026\/#website\",\"url\":\"https:\/\/homolog.harald.com.br\/site-2026\/\",\"name\":\"Harald\",\"description\":\"Fazer melhor \u00e9 fazer com paix\u00e3o\",\"publisher\":{\"@id\":\"https:\/\/homolog.harald.com.br\/site-2026\/#organization\"},\"potentialAction\":[{\"@type\":\"SearchAction\",\"target\":{\"@type\":\"EntryPoint\",\"urlTemplate\":\"https:\/\/homolog.harald.com.br\/site-2026\/?s={search_term_string}\"},\"query-input\":{\"@type\":\"PropertyValueSpecification\",\"valueRequired\":true,\"valueName\":\"search_term_string\"}}],\"inLanguage\":\"pt-BR\"},{\"@type\":\"Organization\",\"@id\":\"https:\/\/homolog.harald.com.br\/site-2026\/#organization\",\"name\":\"Harald\",\"url\":\"https:\/\/homolog.harald.com.br\/site-2026\/\",\"logo\":{\"@type\":\"ImageObject\",\"inLanguage\":\"pt-BR\",\"@id\":\"https:\/\/homolog.harald.com.br\/site-2026\/#\/schema\/logo\/image\/\",\"url\":\"https:\/\/homolog.harald.com.br\/site-2026\/wp-content\/uploads\/2022\/09\/logo-harald-cmyk-ss.png\",\"contentUrl\":\"https:\/\/homolog.harald.com.br\/site-2026\/wp-content\/uploads\/2022\/09\/logo-harald-cmyk-ss.png\",\"width\":1948,\"height\":1051,\"caption\":\"Harald\"},\"image\":{\"@id\":\"https:\/\/homolog.harald.com.br\/site-2026\/#\/schema\/logo\/image\/\"},\"sameAs\":[\"https:\/\/www.facebook.com\/HaraldChocolates\/\",\"https:\/\/www.youtube.com\/user\/HaraldChocolates\"]}]}<\/script>\n<!-- \/ Yoast SEO plugin. -->","yoast_head_json":{"title":"Recheio e Cobertura Confeiteiro sabor Morango em Balde 2,3kg - Harald","description":"Descubra o Recheio e Cobertura Confeiteiro Sabor Morango 2,3kg, ideal para rechear e cobrir bolos e mais com praticidade e qualidade!","robots":{"index":"noindex","follow":"follow","max-snippet":"max-snippet:-1","max-image-preview":"max-image-preview:large","max-video-preview":"max-video-preview:-1"},"og_locale":"pt_BR","og_type":"article","og_title":"Recheio e Cobertura Confeiteiro sabor Morango em Balde 2,3kg - Harald","og_description":"Descubra o Recheio e Cobertura Confeiteiro Sabor Morango 2,3kg, ideal para rechear e cobrir bolos e mais com praticidade e qualidade!","og_url":"https:\/\/homolog.harald.com.br\/site-2026\/produtos\/recheio-e-cobertura-confeiteiro-sabor-morango-em-balde-235kg\/","og_site_name":"Harald","article_publisher":"https:\/\/www.facebook.com\/HaraldChocolates\/","article_modified_time":"2026-02-25T19:39:20+00:00","og_image":[{"width":1500,"height":1757,"url":"https:\/\/homolog.harald.com.br\/site-2026\/wp-content\/uploads\/2024\/08\/confeito-balde-morango-4kg-final-e1772048342285.png","type":"image\/png"}],"twitter_card":"summary_large_image","twitter_misc":{"Est. tempo de leitura":"3 minutos"},"schema":{"@context":"https:\/\/schema.org","@graph":[{"@type":"WebPage","@id":"https:\/\/homolog.harald.com.br\/site-2026\/produtos\/recheio-e-cobertura-confeiteiro-sabor-morango-em-balde-235kg\/","url":"https:\/\/homolog.harald.com.br\/site-2026\/produtos\/recheio-e-cobertura-confeiteiro-sabor-morango-em-balde-235kg\/","name":"Recheio e Cobertura Confeiteiro sabor Morango em Balde 2,3kg - Harald","isPartOf":{"@id":"https:\/\/homolog.harald.com.br\/site-2026\/#website"},"primaryImageOfPage":{"@id":"https:\/\/homolog.harald.com.br\/site-2026\/produtos\/recheio-e-cobertura-confeiteiro-sabor-morango-em-balde-235kg\/#primaryimage"},"image":{"@id":"https:\/\/homolog.harald.com.br\/site-2026\/produtos\/recheio-e-cobertura-confeiteiro-sabor-morango-em-balde-235kg\/#primaryimage"},"thumbnailUrl":"https:\/\/homolog.harald.com.br\/site-2026\/wp-content\/uploads\/2024\/08\/confeito-balde-morango-4kg-final-e1772048342285.png","datePublished":"2024-08-14T15:09:35+00:00","dateModified":"2026-02-25T19:39:20+00:00","description":"Descubra o Recheio e Cobertura Confeiteiro Sabor Morango 2,3kg, ideal para rechear e cobrir bolos e mais com praticidade e qualidade!","breadcrumb":{"@id":"https:\/\/homolog.harald.com.br\/site-2026\/produtos\/recheio-e-cobertura-confeiteiro-sabor-morango-em-balde-235kg\/#breadcrumb"},"inLanguage":"pt-BR","potentialAction":[{"@type":"ReadAction","target":["https:\/\/homolog.harald.com.br\/site-2026\/produtos\/recheio-e-cobertura-confeiteiro-sabor-morango-em-balde-235kg\/"]}]},{"@type":"ImageObject","inLanguage":"pt-BR","@id":"https:\/\/homolog.harald.com.br\/site-2026\/produtos\/recheio-e-cobertura-confeiteiro-sabor-morango-em-balde-235kg\/#primaryimage","url":"https:\/\/homolog.harald.com.br\/site-2026\/wp-content\/uploads\/2024\/08\/confeito-balde-morango-4kg-final-e1772048342285.png","contentUrl":"https:\/\/homolog.harald.com.br\/site-2026\/wp-content\/uploads\/2024\/08\/confeito-balde-morango-4kg-final-e1772048342285.png","width":1500,"height":1757},{"@type":"BreadcrumbList","@id":"https:\/\/homolog.harald.com.br\/site-2026\/produtos\/recheio-e-cobertura-confeiteiro-sabor-morango-em-balde-235kg\/#breadcrumb","itemListElement":[{"@type":"ListItem","position":1,"name":"In\u00edcio","item":"https:\/\/homolog.harald.com.br\/site-2026\/"},{"@type":"ListItem","position":2,"name":"Produtos","item":"https:\/\/homolog.harald.com.br\/site-2026\/produtos\/"},{"@type":"ListItem","position":3,"name":"Recheio e Cobertura Confeiteiro sabor Morango em Balde 2,3kg"}]},{"@type":"WebSite","@id":"https:\/\/homolog.harald.com.br\/site-2026\/#website","url":"https:\/\/homolog.harald.com.br\/site-2026\/","name":"Harald","description":"Fazer melhor \u00e9 fazer com paix\u00e3o","publisher":{"@id":"https:\/\/homolog.harald.com.br\/site-2026\/#organization"},"potentialAction":[{"@type":"SearchAction","target":{"@type":"EntryPoint","urlTemplate":"https:\/\/homolog.harald.com.br\/site-2026\/?s={search_term_string}"},"query-input":{"@type":"PropertyValueSpecification","valueRequired":true,"valueName":"search_term_string"}}],"inLanguage":"pt-BR"},{"@type":"Organization","@id":"https:\/\/homolog.harald.com.br\/site-2026\/#organization","name":"Harald","url":"https:\/\/homolog.harald.com.br\/site-2026\/","logo":{"@type":"ImageObject","inLanguage":"pt-BR","@id":"https:\/\/homolog.harald.com.br\/site-2026\/#\/schema\/logo\/image\/","url":"https:\/\/homolog.harald.com.br\/site-2026\/wp-content\/uploads\/2022\/09\/logo-harald-cmyk-ss.png","contentUrl":"https:\/\/homolog.harald.com.br\/site-2026\/wp-content\/uploads\/2022\/09\/logo-harald-cmyk-ss.png","width":1948,"height":1051,"caption":"Harald"},"image":{"@id":"https:\/\/homolog.harald.com.br\/site-2026\/#\/schema\/logo\/image\/"},"sameAs":["https:\/\/www.facebook.com\/HaraldChocolates\/","https:\/\/www.youtube.com\/user\/HaraldChocolates"]}]}},"uagb_featured_image_src":{"full":["https:\/\/homolog.harald.com.br\/site-2026\/wp-content\/uploads\/2024\/08\/confeito-balde-morango-4kg-final-e1772048342285.png",1500,1757,false],"thumbnail":["https:\/\/homolog.harald.com.br\/site-2026\/wp-content\/uploads\/2024\/08\/confeito-balde-morango-4kg-final-e1772048342285-150x150.png",150,150,true],"medium":["https:\/\/homolog.harald.com.br\/site-2026\/wp-content\/uploads\/2024\/08\/confeito-balde-morango-4kg-final-e1772048342285-256x300.png",256,300,true],"medium_large":["https:\/\/homolog.harald.com.br\/site-2026\/wp-content\/uploads\/2024\/08\/confeito-balde-morango-4kg-final-e1772048342285-768x900.png",768,900,true],"large":["https:\/\/homolog.harald.com.br\/site-2026\/wp-content\/uploads\/2024\/08\/confeito-balde-morango-4kg-final-e1772048342285-874x1024.png",874,1024,true],"1536x1536":["https:\/\/homolog.harald.com.br\/site-2026\/wp-content\/uploads\/2024\/08\/confeito-balde-morango-4kg-final-e1772048342285-1311x1536.png",1311,1536,true],"2048x2048":["https:\/\/homolog.harald.com.br\/site-2026\/wp-content\/uploads\/2024\/08\/confeito-balde-morango-4kg-final-1901x2048.png",1901,2048,true],"full-width":["https:\/\/homolog.harald.com.br\/site-2026\/wp-content\/uploads\/2024\/08\/confeito-balde-morango-4kg-final-e1772048342285-922x1080.png",922,1080,true],"gform-image-choice-sm":["https:\/\/homolog.harald.com.br\/site-2026\/wp-content\/uploads\/2024\/08\/confeito-balde-morango-4kg-final-e1772048342285-300x300.png",300,300,true],"gform-image-choice-md":["https:\/\/homolog.harald.com.br\/site-2026\/wp-content\/uploads\/2024\/08\/confeito-balde-morango-4kg-final-e1772048342285-400x400.png",400,400,true],"gform-image-choice-lg":["https:\/\/homolog.harald.com.br\/site-2026\/wp-content\/uploads\/2024\/08\/confeito-balde-morango-4kg-final-e1772048342285-600x600.png",600,600,true]},"uagb_author_info":{"display_name":"CROWD","author_link":"https:\/\/homolog.harald.com.br\/site-2026\/blog\/author\/"},"uagb_comment_info":0,"uagb_excerpt":"O Recheio e Cobertura Confeiteiro Sabor Morango 2,3kg \u00e9 a escolha ideal para quem busca praticidade e sabor em suas receitas. Assim, perfeito para cobrir, rechear e finalizar bolos, tortas e outros doces, esse produto oferece uma consist\u00eancia firme e uma aplica\u00e7\u00e3o f\u00e1cil, garantindo resultados impec\u00e1veis. Al\u00e9m disso, ele mant\u00e9m sua qualidade mesmo ap\u00f3s forneamento&hellip;","_links":{"self":[{"href":"https:\/\/homolog.harald.com.br\/site-2026\/wp-json\/wp\/v2\/produtos\/204479","targetHints":{"allow":["GET"]}}],"collection":[{"href":"https:\/\/homolog.harald.com.br\/site-2026\/wp-json\/wp\/v2\/produtos"}],"about":[{"href":"https:\/\/homolog.harald.com.br\/site-2026\/wp-json\/wp\/v2\/types\/produtos"}],"wp:featuredmedia":[{"embeddable":true,"href":"https:\/\/homolog.harald.com.br\/site-2026\/wp-json\/wp\/v2\/media\/204485"}],"wp:attachment":[{"href":"https:\/\/homolog.harald.com.br\/site-2026\/wp-json\/wp\/v2\/media?parent=204479"}],"wp:term":[{"taxonomy":"categorias-produtos","embeddable":true,"href":"https:\/\/homolog.harald.com.br\/site-2026\/wp-json\/wp\/v2\/categorias-produtos?post=204479"},{"taxonomy":"para-seu-negocio","embeddable":true,"href":"https:\/\/homolog.harald.com.br\/site-2026\/wp-json\/wp\/v2\/para-seu-negocio?post=204479"},{"taxonomy":"aplicacao","embeddable":true,"href":"https:\/\/homolog.harald.com.br\/site-2026\/wp-json\/wp\/v2\/aplicacao?post=204479"},{"taxonomy":"formato","embeddable":true,"href":"https:\/\/homolog.harald.com.br\/site-2026\/wp-json\/wp\/v2\/formato?post=204479"},{"taxonomy":"peso-produto","embeddable":true,"href":"https:\/\/homolog.harald.com.br\/site-2026\/wp-json\/wp\/v2\/peso-produto?post=204479"}],"curies":[{"name":"wp","href":"https:\/\/api.w.org\/{rel}","templated":true}]}}