{"id":1221,"date":"2022-09-15T09:30:48","date_gmt":"2022-09-15T12:30:48","guid":{"rendered":"https:\/\/homolog.harald.com.br\/site-2026\/blog\/padrao-sku-2\/"},"modified":"2026-02-25T17:12:20","modified_gmt":"2026-02-25T20:12:20","slug":"acucar-impalpavel-confeiteiro-1kg","status":"publish","type":"produtos","link":"https:\/\/homolog.harald.com.br\/site-2026\/produtos\/acucar-impalpavel-confeiteiro-1kg\/","title":{"rendered":"A\u00e7\u00facar Impalp\u00e1vel Confeiteiro 1kg"},"content":{"rendered":"<p>O A\u00e7\u00facar Impalp\u00e1vel Confeiteiro \u00e9 ideal decorar bolos, p\u00e3es doces, sonhos de padaria e donuts. Acrescido de amido na dose certa, ele permanece sobre a superf\u00edcie das massas doces, finalizando a apresenta\u00e7\u00e3o das pe\u00e7as. Ele ainda d\u00e1 corpo \u00e0s massas de modelar feitas com a cobertura Raspas &amp; Cobrir.<\/p>\n","protected":false},"featured_media":1223,"template":"","categorias-produtos":[36,56,110,209],"para-seu-negocio":[],"aplicacao":[],"formato":[],"peso-produto":[],"class_list":["post-1221","produtos","type-produtos","status-publish","has-post-thumbnail","hentry","categorias-produtos-sku","categorias-produtos-ingredientes-categoria","categorias-produtos-confeiteiro-marca-produto","categorias-produtos-food-service"],"acf":[],"yoast_head":"<!-- This site is optimized with the Yoast SEO plugin v26.3 - https:\/\/yoast.com\/wordpress\/plugins\/seo\/ -->\n<title>A\u00e7\u00facar Impalp\u00e1vel Confeiteiro 1kg - Harald<\/title>\n<meta name=\"robots\" content=\"noindex, follow, max-snippet:-1, max-image-preview:large, max-video-preview:-1\" \/>\n<meta property=\"og:locale\" content=\"pt_BR\" \/>\n<meta property=\"og:type\" content=\"article\" \/>\n<meta property=\"og:title\" content=\"A\u00e7\u00facar Impalp\u00e1vel Confeiteiro 1kg - Harald\" \/>\n<meta property=\"og:description\" content=\"O A\u00e7\u00facar Impalp\u00e1vel Confeiteiro \u00e9 ideal decorar bolos, p\u00e3es doces, sonhos de padaria e donuts. Acrescido de amido na dose certa, ele permanece sobre a superf\u00edcie das massas doces, finalizando a apresenta\u00e7\u00e3o das pe\u00e7as. Ele ainda d\u00e1 corpo \u00e0s massas de modelar feitas com a cobertura Raspas &amp; Cobrir.\" \/>\n<meta property=\"og:url\" content=\"https:\/\/homolog.harald.com.br\/site-2026\/produtos\/acucar-impalpavel-confeiteiro-1kg\/\" \/>\n<meta property=\"og:site_name\" content=\"Harald\" \/>\n<meta property=\"article:publisher\" content=\"https:\/\/www.facebook.com\/HaraldChocolates\/\" \/>\n<meta property=\"article:modified_time\" content=\"2026-02-25T20:12:20+00:00\" \/>\n<meta property=\"og:image\" content=\"https:\/\/homolog.harald.com.br\/site-2026\/wp-content\/uploads\/2017\/12\/acucar-impalpavel-confeiteiro-10kg-e1772050324823.png\" \/>\n\t<meta property=\"og:image:width\" content=\"331\" \/>\n\t<meta property=\"og:image:height\" content=\"475\" \/>\n\t<meta property=\"og:image:type\" content=\"image\/png\" \/>\n<meta name=\"twitter:card\" content=\"summary_large_image\" \/>\n<meta name=\"twitter:label1\" content=\"Est. tempo de leitura\" \/>\n\t<meta name=\"twitter:data1\" content=\"1 minuto\" \/>\n<script type=\"application\/ld+json\" class=\"yoast-schema-graph\">{\"@context\":\"https:\/\/schema.org\",\"@graph\":[{\"@type\":\"WebPage\",\"@id\":\"https:\/\/homolog.harald.com.br\/site-2026\/produtos\/acucar-impalpavel-confeiteiro-1kg\/\",\"url\":\"https:\/\/homolog.harald.com.br\/site-2026\/produtos\/acucar-impalpavel-confeiteiro-1kg\/\",\"name\":\"A\u00e7\u00facar Impalp\u00e1vel Confeiteiro 1kg - Harald\",\"isPartOf\":{\"@id\":\"https:\/\/homolog.harald.com.br\/site-2026\/#website\"},\"primaryImageOfPage\":{\"@id\":\"https:\/\/homolog.harald.com.br\/site-2026\/produtos\/acucar-impalpavel-confeiteiro-1kg\/#primaryimage\"},\"image\":{\"@id\":\"https:\/\/homolog.harald.com.br\/site-2026\/produtos\/acucar-impalpavel-confeiteiro-1kg\/#primaryimage\"},\"thumbnailUrl\":\"https:\/\/homolog.harald.com.br\/site-2026\/wp-content\/uploads\/2017\/12\/acucar-impalpavel-confeiteiro-10kg-e1772050324823.png\",\"datePublished\":\"2022-09-15T12:30:48+00:00\",\"dateModified\":\"2026-02-25T20:12:20+00:00\",\"breadcrumb\":{\"@id\":\"https:\/\/homolog.harald.com.br\/site-2026\/produtos\/acucar-impalpavel-confeiteiro-1kg\/#breadcrumb\"},\"inLanguage\":\"pt-BR\",\"potentialAction\":[{\"@type\":\"ReadAction\",\"target\":[\"https:\/\/homolog.harald.com.br\/site-2026\/produtos\/acucar-impalpavel-confeiteiro-1kg\/\"]}]},{\"@type\":\"ImageObject\",\"inLanguage\":\"pt-BR\",\"@id\":\"https:\/\/homolog.harald.com.br\/site-2026\/produtos\/acucar-impalpavel-confeiteiro-1kg\/#primaryimage\",\"url\":\"https:\/\/homolog.harald.com.br\/site-2026\/wp-content\/uploads\/2017\/12\/acucar-impalpavel-confeiteiro-10kg-e1772050324823.png\",\"contentUrl\":\"https:\/\/homolog.harald.com.br\/site-2026\/wp-content\/uploads\/2017\/12\/acucar-impalpavel-confeiteiro-10kg-e1772050324823.png\",\"width\":331,\"height\":475},{\"@type\":\"BreadcrumbList\",\"@id\":\"https:\/\/homolog.harald.com.br\/site-2026\/produtos\/acucar-impalpavel-confeiteiro-1kg\/#breadcrumb\",\"itemListElement\":[{\"@type\":\"ListItem\",\"position\":1,\"name\":\"In\u00edcio\",\"item\":\"https:\/\/homolog.harald.com.br\/site-2026\/\"},{\"@type\":\"ListItem\",\"position\":2,\"name\":\"Produtos\",\"item\":\"https:\/\/homolog.harald.com.br\/site-2026\/produtos\/\"},{\"@type\":\"ListItem\",\"position\":3,\"name\":\"A\u00e7\u00facar Impalp\u00e1vel Confeiteiro 1kg\"}]},{\"@type\":\"WebSite\",\"@id\":\"https:\/\/homolog.harald.com.br\/site-2026\/#website\",\"url\":\"https:\/\/homolog.harald.com.br\/site-2026\/\",\"name\":\"Harald\",\"description\":\"Fazer melhor \u00e9 fazer com paix\u00e3o\",\"publisher\":{\"@id\":\"https:\/\/homolog.harald.com.br\/site-2026\/#organization\"},\"potentialAction\":[{\"@type\":\"SearchAction\",\"target\":{\"@type\":\"EntryPoint\",\"urlTemplate\":\"https:\/\/homolog.harald.com.br\/site-2026\/?s={search_term_string}\"},\"query-input\":{\"@type\":\"PropertyValueSpecification\",\"valueRequired\":true,\"valueName\":\"search_term_string\"}}],\"inLanguage\":\"pt-BR\"},{\"@type\":\"Organization\",\"@id\":\"https:\/\/homolog.harald.com.br\/site-2026\/#organization\",\"name\":\"Harald\",\"url\":\"https:\/\/homolog.harald.com.br\/site-2026\/\",\"logo\":{\"@type\":\"ImageObject\",\"inLanguage\":\"pt-BR\",\"@id\":\"https:\/\/homolog.harald.com.br\/site-2026\/#\/schema\/logo\/image\/\",\"url\":\"https:\/\/homolog.harald.com.br\/site-2026\/wp-content\/uploads\/2022\/09\/logo-harald-cmyk-ss.png\",\"contentUrl\":\"https:\/\/homolog.harald.com.br\/site-2026\/wp-content\/uploads\/2022\/09\/logo-harald-cmyk-ss.png\",\"width\":1948,\"height\":1051,\"caption\":\"Harald\"},\"image\":{\"@id\":\"https:\/\/homolog.harald.com.br\/site-2026\/#\/schema\/logo\/image\/\"},\"sameAs\":[\"https:\/\/www.facebook.com\/HaraldChocolates\/\",\"https:\/\/www.youtube.com\/user\/HaraldChocolates\"]}]}<\/script>\n<!-- \/ Yoast SEO plugin. -->","yoast_head_json":{"title":"A\u00e7\u00facar Impalp\u00e1vel Confeiteiro 1kg - Harald","robots":{"index":"noindex","follow":"follow","max-snippet":"max-snippet:-1","max-image-preview":"max-image-preview:large","max-video-preview":"max-video-preview:-1"},"og_locale":"pt_BR","og_type":"article","og_title":"A\u00e7\u00facar Impalp\u00e1vel Confeiteiro 1kg - Harald","og_description":"O A\u00e7\u00facar Impalp\u00e1vel Confeiteiro \u00e9 ideal decorar bolos, p\u00e3es doces, sonhos de padaria e donuts. Acrescido de amido na dose certa, ele permanece sobre a superf\u00edcie das massas doces, finalizando a apresenta\u00e7\u00e3o das pe\u00e7as. Ele ainda d\u00e1 corpo \u00e0s massas de modelar feitas com a cobertura Raspas &amp; Cobrir.","og_url":"https:\/\/homolog.harald.com.br\/site-2026\/produtos\/acucar-impalpavel-confeiteiro-1kg\/","og_site_name":"Harald","article_publisher":"https:\/\/www.facebook.com\/HaraldChocolates\/","article_modified_time":"2026-02-25T20:12:20+00:00","og_image":[{"width":331,"height":475,"url":"https:\/\/homolog.harald.com.br\/site-2026\/wp-content\/uploads\/2017\/12\/acucar-impalpavel-confeiteiro-10kg-e1772050324823.png","type":"image\/png"}],"twitter_card":"summary_large_image","twitter_misc":{"Est. tempo de leitura":"1 minuto"},"schema":{"@context":"https:\/\/schema.org","@graph":[{"@type":"WebPage","@id":"https:\/\/homolog.harald.com.br\/site-2026\/produtos\/acucar-impalpavel-confeiteiro-1kg\/","url":"https:\/\/homolog.harald.com.br\/site-2026\/produtos\/acucar-impalpavel-confeiteiro-1kg\/","name":"A\u00e7\u00facar Impalp\u00e1vel Confeiteiro 1kg - Harald","isPartOf":{"@id":"https:\/\/homolog.harald.com.br\/site-2026\/#website"},"primaryImageOfPage":{"@id":"https:\/\/homolog.harald.com.br\/site-2026\/produtos\/acucar-impalpavel-confeiteiro-1kg\/#primaryimage"},"image":{"@id":"https:\/\/homolog.harald.com.br\/site-2026\/produtos\/acucar-impalpavel-confeiteiro-1kg\/#primaryimage"},"thumbnailUrl":"https:\/\/homolog.harald.com.br\/site-2026\/wp-content\/uploads\/2017\/12\/acucar-impalpavel-confeiteiro-10kg-e1772050324823.png","datePublished":"2022-09-15T12:30:48+00:00","dateModified":"2026-02-25T20:12:20+00:00","breadcrumb":{"@id":"https:\/\/homolog.harald.com.br\/site-2026\/produtos\/acucar-impalpavel-confeiteiro-1kg\/#breadcrumb"},"inLanguage":"pt-BR","potentialAction":[{"@type":"ReadAction","target":["https:\/\/homolog.harald.com.br\/site-2026\/produtos\/acucar-impalpavel-confeiteiro-1kg\/"]}]},{"@type":"ImageObject","inLanguage":"pt-BR","@id":"https:\/\/homolog.harald.com.br\/site-2026\/produtos\/acucar-impalpavel-confeiteiro-1kg\/#primaryimage","url":"https:\/\/homolog.harald.com.br\/site-2026\/wp-content\/uploads\/2017\/12\/acucar-impalpavel-confeiteiro-10kg-e1772050324823.png","contentUrl":"https:\/\/homolog.harald.com.br\/site-2026\/wp-content\/uploads\/2017\/12\/acucar-impalpavel-confeiteiro-10kg-e1772050324823.png","width":331,"height":475},{"@type":"BreadcrumbList","@id":"https:\/\/homolog.harald.com.br\/site-2026\/produtos\/acucar-impalpavel-confeiteiro-1kg\/#breadcrumb","itemListElement":[{"@type":"ListItem","position":1,"name":"In\u00edcio","item":"https:\/\/homolog.harald.com.br\/site-2026\/"},{"@type":"ListItem","position":2,"name":"Produtos","item":"https:\/\/homolog.harald.com.br\/site-2026\/produtos\/"},{"@type":"ListItem","position":3,"name":"A\u00e7\u00facar Impalp\u00e1vel Confeiteiro 1kg"}]},{"@type":"WebSite","@id":"https:\/\/homolog.harald.com.br\/site-2026\/#website","url":"https:\/\/homolog.harald.com.br\/site-2026\/","name":"Harald","description":"Fazer melhor \u00e9 fazer com paix\u00e3o","publisher":{"@id":"https:\/\/homolog.harald.com.br\/site-2026\/#organization"},"potentialAction":[{"@type":"SearchAction","target":{"@type":"EntryPoint","urlTemplate":"https:\/\/homolog.harald.com.br\/site-2026\/?s={search_term_string}"},"query-input":{"@type":"PropertyValueSpecification","valueRequired":true,"valueName":"search_term_string"}}],"inLanguage":"pt-BR"},{"@type":"Organization","@id":"https:\/\/homolog.harald.com.br\/site-2026\/#organization","name":"Harald","url":"https:\/\/homolog.harald.com.br\/site-2026\/","logo":{"@type":"ImageObject","inLanguage":"pt-BR","@id":"https:\/\/homolog.harald.com.br\/site-2026\/#\/schema\/logo\/image\/","url":"https:\/\/homolog.harald.com.br\/site-2026\/wp-content\/uploads\/2022\/09\/logo-harald-cmyk-ss.png","contentUrl":"https:\/\/homolog.harald.com.br\/site-2026\/wp-content\/uploads\/2022\/09\/logo-harald-cmyk-ss.png","width":1948,"height":1051,"caption":"Harald"},"image":{"@id":"https:\/\/homolog.harald.com.br\/site-2026\/#\/schema\/logo\/image\/"},"sameAs":["https:\/\/www.facebook.com\/HaraldChocolates\/","https:\/\/www.youtube.com\/user\/HaraldChocolates"]}]}},"uagb_featured_image_src":{"full":["https:\/\/homolog.harald.com.br\/site-2026\/wp-content\/uploads\/2017\/12\/acucar-impalpavel-confeiteiro-10kg-e1772050324823.png",331,475,false],"thumbnail":["https:\/\/homolog.harald.com.br\/site-2026\/wp-content\/uploads\/2017\/12\/acucar-impalpavel-confeiteiro-10kg-e1772050324823-150x150.png",150,150,true],"medium":["https:\/\/homolog.harald.com.br\/site-2026\/wp-content\/uploads\/2017\/12\/acucar-impalpavel-confeiteiro-10kg-e1772050324823-209x300.png",209,300,true],"medium_large":["https:\/\/homolog.harald.com.br\/site-2026\/wp-content\/uploads\/2017\/12\/acucar-impalpavel-confeiteiro-10kg-e1772050324823.png",331,475,false],"large":["https:\/\/homolog.harald.com.br\/site-2026\/wp-content\/uploads\/2017\/12\/acucar-impalpavel-confeiteiro-10kg-e1772050324823.png",331,475,false],"1536x1536":["https:\/\/homolog.harald.com.br\/site-2026\/wp-content\/uploads\/2017\/12\/acucar-impalpavel-confeiteiro-10kg-e1772050324823.png",331,475,false],"2048x2048":["https:\/\/homolog.harald.com.br\/site-2026\/wp-content\/uploads\/2017\/12\/acucar-impalpavel-confeiteiro-10kg-e1772050324823.png",331,475,false],"full-width":["https:\/\/homolog.harald.com.br\/site-2026\/wp-content\/uploads\/2017\/12\/acucar-impalpavel-confeiteiro-10kg-e1772050324823.png",331,475,false],"gform-image-choice-sm":["https:\/\/homolog.harald.com.br\/site-2026\/wp-content\/uploads\/2017\/12\/acucar-impalpavel-confeiteiro-10kg-e1772050324823-300x300.png",300,300,true],"gform-image-choice-md":["https:\/\/homolog.harald.com.br\/site-2026\/wp-content\/uploads\/2017\/12\/acucar-impalpavel-confeiteiro-10kg-e1772050324823-331x400.png",331,400,true],"gform-image-choice-lg":["https:\/\/homolog.harald.com.br\/site-2026\/wp-content\/uploads\/2017\/12\/acucar-impalpavel-confeiteiro-10kg-e1772050324823.png",331,475,false]},"uagb_author_info":{"display_name":"Suporte TI","author_link":"https:\/\/homolog.harald.com.br\/site-2026\/blog\/author\/"},"uagb_comment_info":0,"uagb_excerpt":"O A\u00e7\u00facar Impalp\u00e1vel Confeiteiro \u00e9 ideal decorar bolos, p\u00e3es doces, sonhos de padaria e donuts. Acrescido de amido na dose certa, ele permanece sobre a superf\u00edcie das massas doces, finalizando a apresenta\u00e7\u00e3o das pe\u00e7as. Ele ainda d\u00e1 corpo \u00e0s massas de modelar feitas com a cobertura Raspas &amp; Cobrir.","_links":{"self":[{"href":"https:\/\/homolog.harald.com.br\/site-2026\/wp-json\/wp\/v2\/produtos\/1221","targetHints":{"allow":["GET"]}}],"collection":[{"href":"https:\/\/homolog.harald.com.br\/site-2026\/wp-json\/wp\/v2\/produtos"}],"about":[{"href":"https:\/\/homolog.harald.com.br\/site-2026\/wp-json\/wp\/v2\/types\/produtos"}],"wp:featuredmedia":[{"embeddable":true,"href":"https:\/\/homolog.harald.com.br\/site-2026\/wp-json\/wp\/v2\/media\/1223"}],"wp:attachment":[{"href":"https:\/\/homolog.harald.com.br\/site-2026\/wp-json\/wp\/v2\/media?parent=1221"}],"wp:term":[{"taxonomy":"categorias-produtos","embeddable":true,"href":"https:\/\/homolog.harald.com.br\/site-2026\/wp-json\/wp\/v2\/categorias-produtos?post=1221"},{"taxonomy":"para-seu-negocio","embeddable":true,"href":"https:\/\/homolog.harald.com.br\/site-2026\/wp-json\/wp\/v2\/para-seu-negocio?post=1221"},{"taxonomy":"aplicacao","embeddable":true,"href":"https:\/\/homolog.harald.com.br\/site-2026\/wp-json\/wp\/v2\/aplicacao?post=1221"},{"taxonomy":"formato","embeddable":true,"href":"https:\/\/homolog.harald.com.br\/site-2026\/wp-json\/wp\/v2\/formato?post=1221"},{"taxonomy":"peso-produto","embeddable":true,"href":"https:\/\/homolog.harald.com.br\/site-2026\/wp-json\/wp\/v2\/peso-produto?post=1221"}],"curies":[{"name":"wp","href":"https:\/\/api.w.org\/{rel}","templated":true}]}}