{"id":8062,"date":"2022-06-18T11:59:47","date_gmt":"2022-06-18T14:59:47","guid":{"rendered":"https:\/\/homolog.harald.com.br\/site-2026\/?page_id=8062"},"modified":"2026-01-09T00:48:40","modified_gmt":"2026-01-09T03:48:40","slug":"nossa-historia","status":"publish","type":"page","link":"https:\/\/homolog.harald.com.br\/site-2026\/sobre-a-harald\/nossa-historia\/","title":{"rendered":"Nossa Hist\u00f3ria"},"content":{"rendered":"\n<div class=\"wp-block-uagb-container history-intro uagb-block-e2da9000 alignfull uagb-is-root-container\"><div class=\"uagb-container-inner-blocks-wrap\"><h2 style=\"padding-right:0;padding-left:0;padding-top:var(--wp--preset--spacing--50);\" class=\"has-link-color wp-elements-c8770070461de5c7b35b17ebc63b6334 wp-block-post-title has-text-color has-white-color\">Nossa Hist\u00f3ria<\/h2>\n\n\n<p class=\"has-white-color has-text-color has-link-color wp-elements-6e49bbbf799a10e55a78a0eb59220236\">Em 2024, a Harald completou 42 anos de uma trajet\u00f3ria que come\u00e7ou em 1888, quando Franz Neugebauer, imigrante alem\u00e3o, instalou-se em Porto Alegre, em busca de novas oportunidades, trazendo consigo t\u00e9cnicas e receitas de confeitaria. De imediato, ele percebeu a car\u00eancia no com\u00e9rcio local de doces, compotas e geleias, e, em 1891, com seu irm\u00e3o Max e o amigo Fritz Gerhardt, deu in\u00edcio \u00e0 fabrica\u00e7\u00e3o desses produtos.<\/p>\n<\/div><\/div>\n\n\n\n<div class=\"wp-block-cp-timeline-content-timeline-block Cool-Content-Timeline history-timeline\"><div class=\"cool-timeline-block-c6045c6c-f663-4b38-b0b9-a66ce05df095\"><style>.cool-timeline-block-c6045c6c-f663-4b38-b0b9-a66ce05df095 .cool-vertical-timeline-body{--ctlb-icon-color: #ffffff;--ctlb-story-border-color: #ffffff;}<\/style><div class=\"cool-vertical-timeline-body ctlb-wrapper both-sided left\"><div class=\"cool-timeline-block-list\">\n<div class=\"wp-block-cp-timeline-content-timeline-block-child swiper-slide\"><div class=\"timeline-content icon-false \"><div class=\"timeline-block-timeline ctl-row  position-right\"><div class=\"ctl-6 timeline-block-time\"><\/div><div class=\"timeline-block-icon\"><svg stroke=\"currentColor\" fill=\"currentColor\" stroke-width=\"0\" viewBox=\"0 0 512 512\" height=\"1em\" width=\"1em\" xmlns=\"http:\/\/www.w3.org\/2000\/svg\"><path d=\"M256 8C119 8 8 119 8 256s111 248 248 248 248-111 248-248S393 8 256 8z\"><\/path><\/svg><\/div><div class=\"ctl-6 timeline-block-detail\"><div class=\"story-details\"><div class=\"story-content\">\n<figure class=\"wp-block-image size-full ctlb-block-image\"><img loading=\"lazy\" decoding=\"async\" width=\"624\" height=\"362\" src=\"https:\/\/homolog.harald.com.br\/site-2026\/wp-content\/uploads\/2025\/12\/history-1891.webp\" alt=\"\" class=\"wp-image-343064\" style=\"aspect-ratio:4\/3;object-fit:cover\" srcset=\"https:\/\/homolog.harald.com.br\/site-2026\/wp-content\/uploads\/2025\/12\/history-1891.webp 624w, https:\/\/homolog.harald.com.br\/site-2026\/wp-content\/uploads\/2025\/12\/history-1891-300x174.webp 300w\" sizes=\"auto, (max-width: 624px) 100vw, 624px\" \/><\/figure>\n\n\n\n<h3 class=\"wp-block-heading ctlb-block-title\" style=\"padding-top:0px;padding-right:0px;padding-bottom:0px;padding-left:0px;font-size:2.38rem\">1891<\/h3>\n\n\n\n<p class=\"ctlb-block-desc has-medium-font-size\" style=\"padding-top:0px;padding-right:0px;padding-bottom:0px;padding-left:0px\">A empresa Neugebauer Irm\u00e3os &amp; Gerhardt foi fundada em Porto Alegre, para a produ\u00e7\u00e3o de doces e biscoitos, com vendas diretas no balc\u00e3o da pr\u00f3pria f\u00e1brica, por meio de ambulantes e pelo atacado.<\/p>\n<\/div><\/div><\/div><\/div><\/div><\/div>\n\n\n\n<div class=\"wp-block-cp-timeline-content-timeline-block-child swiper-slide\"><div class=\"timeline-content icon-false \"><div class=\"timeline-block-timeline ctl-row  position-left\"><div class=\"ctl-6 timeline-block-time\"><\/div><div class=\"timeline-block-icon\"><svg stroke=\"currentColor\" fill=\"currentColor\" stroke-width=\"0\" viewBox=\"0 0 512 512\" height=\"1em\" width=\"1em\" xmlns=\"http:\/\/www.w3.org\/2000\/svg\"><path d=\"M256 8C119 8 8 119 8 256s111 248 248 248 248-111 248-248S393 8 256 8z\"><\/path><\/svg><\/div><div class=\"ctl-6 timeline-block-detail\"><div class=\"story-details\"><div class=\"story-content\">\n<figure class=\"wp-block-image size-full ctlb-block-image\"><img loading=\"lazy\" decoding=\"async\" width=\"624\" height=\"362\" src=\"https:\/\/homolog.harald.com.br\/site-2026\/wp-content\/uploads\/2025\/12\/history-1903.webp\" alt=\"\" class=\"wp-image-343067\" style=\"aspect-ratio:4\/3;object-fit:cover\" srcset=\"https:\/\/homolog.harald.com.br\/site-2026\/wp-content\/uploads\/2025\/12\/history-1903.webp 624w, https:\/\/homolog.harald.com.br\/site-2026\/wp-content\/uploads\/2025\/12\/history-1903-300x174.webp 300w\" sizes=\"auto, (max-width: 624px) 100vw, 624px\" \/><\/figure>\n\n\n\n<h3 class=\"wp-block-heading ctlb-block-title\" style=\"padding-top:0px;padding-right:0px;padding-bottom:0px;padding-left:0px;font-size:2.38rem\">1903<\/h3>\n\n\n\n<p class=\"ctlb-block-desc has-medium-font-size\" style=\"padding-top:0px;padding-right:0px;padding-bottom:0px;padding-left:0px\">A Neugebauer Irm\u00e3os &amp; Gerhardt adquiriu equipamentos a primeira at\u00e9 ent\u00e3o in\u00e9ditos no Brasil, permitindo que tivesse a primeira f\u00e1brica de chocolates do pa\u00eds.<\/p>\n<\/div><\/div><\/div><\/div><\/div><\/div>\n\n\n\n<div class=\"wp-block-cp-timeline-content-timeline-block-child swiper-slide\"><div class=\"timeline-content icon-false \"><div class=\"timeline-block-timeline ctl-row  position-right\"><div class=\"ctl-6 timeline-block-time\"><\/div><div class=\"timeline-block-icon\"><svg stroke=\"currentColor\" fill=\"currentColor\" stroke-width=\"0\" viewBox=\"0 0 512 512\" height=\"1em\" width=\"1em\" xmlns=\"http:\/\/www.w3.org\/2000\/svg\"><path d=\"M256 8C119 8 8 119 8 256s111 248 248 248 248-111 248-248S393 8 256 8z\"><\/path><\/svg><\/div><div class=\"ctl-6 timeline-block-detail\"><div class=\"story-details\"><div class=\"story-content\">\n<figure class=\"wp-block-image size-full ctlb-block-image\"><img loading=\"lazy\" decoding=\"async\" width=\"624\" height=\"362\" src=\"https:\/\/homolog.harald.com.br\/site-2026\/wp-content\/uploads\/2025\/12\/history-1932.webp\" alt=\"\" class=\"wp-image-343070\" style=\"aspect-ratio:4\/3;object-fit:cover\" srcset=\"https:\/\/homolog.harald.com.br\/site-2026\/wp-content\/uploads\/2025\/12\/history-1932.webp 624w, https:\/\/homolog.harald.com.br\/site-2026\/wp-content\/uploads\/2025\/12\/history-1932-300x174.webp 300w\" sizes=\"auto, (max-width: 624px) 100vw, 624px\" \/><\/figure>\n\n\n\n<h3 class=\"wp-block-heading ctlb-block-title\" style=\"padding-top:0px;padding-right:0px;padding-bottom:0px;padding-left:0px;font-size:2.38rem\">1932<\/h3>\n\n\n\n<p class=\"ctlb-block-desc has-medium-font-size\" style=\"padding-top:0px;padding-right:0px;padding-bottom:0px;padding-left:0px\">Novas alian\u00e7as permitiram a amplia\u00e7\u00e3o industrial e altera\u00e7\u00e3o da raz\u00e3o social para Ernesto Neugebauer &amp; Cia, ampliando os horizontes da ind\u00fastria que desencadeariam futuramente na funda\u00e7\u00e3o da Harald.<\/p>\n<\/div><\/div><\/div><\/div><\/div><\/div>\n<\/div><\/div><\/div><\/div>\n\n\n\n<p><\/p>\n","protected":false},"excerpt":{"rendered":"<p>Em 2024, a Harald completou 42 anos de uma trajet\u00f3ria que come\u00e7ou em 1888, quando Franz Neugebauer, imigrante alem\u00e3o, instalou-se em Porto Alegre, em busca de novas oportunidades, trazendo consigo t\u00e9cnicas e receitas de confeitaria. De imediato, ele percebeu a car\u00eancia no com\u00e9rcio local de doces, compotas e geleias, e, em 1891, com seu irm\u00e3o <a class=\"more-link\" href=\"https:\/\/homolog.harald.com.br\/site-2026\/sobre-a-harald\/nossa-historia\/\">Read more&#8230;<\/a><\/p>\n","protected":false},"author":1,"featured_media":8112,"parent":8050,"menu_order":0,"comment_status":"closed","ping_status":"closed","template":"page-header-no-title-embed","meta":{"_acf_changed":false,"_uag_custom_page_level_css":"","footnotes":""},"class_list":["post-8062","page","type-page","status-publish","has-post-thumbnail","hentry"],"acf":[],"yoast_head":"<!-- This site is optimized with the Yoast SEO plugin v26.3 - https:\/\/yoast.com\/wordpress\/plugins\/seo\/ -->\n<title>Nossa Hist\u00f3ria - Harald<\/title>\n<meta name=\"robots\" content=\"noindex, follow, max-snippet:-1, max-image-preview:large, max-video-preview:-1\" \/>\n<meta property=\"og:locale\" content=\"pt_BR\" \/>\n<meta property=\"og:type\" content=\"article\" \/>\n<meta property=\"og:title\" content=\"Nossa Hist\u00f3ria - Harald\" \/>\n<meta property=\"og:description\" content=\"Em 2024, a Harald completou 42 anos de uma trajet\u00f3ria que come\u00e7ou em 1888, quando Franz Neugebauer, imigrante alem\u00e3o, instalou-se em Porto Alegre, em busca de novas oportunidades, trazendo consigo t\u00e9cnicas e receitas de confeitaria. De imediato, ele percebeu a car\u00eancia no com\u00e9rcio local de doces, compotas e geleias, e, em 1891, com seu irm\u00e3o Read more...\" \/>\n<meta property=\"og:url\" content=\"https:\/\/homolog.harald.com.br\/site-2026\/sobre-a-harald\/nossa-historia\/\" \/>\n<meta property=\"og:site_name\" content=\"Harald\" \/>\n<meta property=\"article:publisher\" content=\"https:\/\/www.facebook.com\/HaraldChocolates\/\" \/>\n<meta property=\"article:modified_time\" content=\"2026-01-09T03:48:40+00:00\" \/>\n<meta property=\"og:image\" content=\"https:\/\/homolog.harald.com.br\/site-2026\/wp-content\/uploads\/2022\/06\/banner-bg-4-m.png\" \/>\n\t<meta property=\"og:image:width\" content=\"975\" \/>\n\t<meta property=\"og:image:height\" content=\"520\" \/>\n\t<meta property=\"og:image:type\" content=\"image\/png\" \/>\n<meta name=\"twitter:card\" content=\"summary_large_image\" \/>\n<meta name=\"twitter:label1\" content=\"Est. tempo de leitura\" \/>\n\t<meta name=\"twitter:data1\" content=\"2 minutos\" \/>\n<script type=\"application\/ld+json\" class=\"yoast-schema-graph\">{\"@context\":\"https:\/\/schema.org\",\"@graph\":[{\"@type\":\"WebPage\",\"@id\":\"https:\/\/homolog.harald.com.br\/site-2026\/sobre-a-harald\/nossa-historia\/\",\"url\":\"https:\/\/homolog.harald.com.br\/site-2026\/sobre-a-harald\/nossa-historia\/\",\"name\":\"Nossa Hist\u00f3ria - Harald\",\"isPartOf\":{\"@id\":\"https:\/\/homolog.harald.com.br\/site-2026\/#website\"},\"primaryImageOfPage\":{\"@id\":\"https:\/\/homolog.harald.com.br\/site-2026\/sobre-a-harald\/nossa-historia\/#primaryimage\"},\"image\":{\"@id\":\"https:\/\/homolog.harald.com.br\/site-2026\/sobre-a-harald\/nossa-historia\/#primaryimage\"},\"thumbnailUrl\":\"https:\/\/homolog.harald.com.br\/site-2026\/wp-content\/uploads\/2022\/06\/banner-bg-4-m.png\",\"datePublished\":\"2022-06-18T14:59:47+00:00\",\"dateModified\":\"2026-01-09T03:48:40+00:00\",\"breadcrumb\":{\"@id\":\"https:\/\/homolog.harald.com.br\/site-2026\/sobre-a-harald\/nossa-historia\/#breadcrumb\"},\"inLanguage\":\"pt-BR\",\"potentialAction\":[{\"@type\":\"ReadAction\",\"target\":[\"https:\/\/homolog.harald.com.br\/site-2026\/sobre-a-harald\/nossa-historia\/\"]}]},{\"@type\":\"ImageObject\",\"inLanguage\":\"pt-BR\",\"@id\":\"https:\/\/homolog.harald.com.br\/site-2026\/sobre-a-harald\/nossa-historia\/#primaryimage\",\"url\":\"https:\/\/homolog.harald.com.br\/site-2026\/wp-content\/uploads\/2022\/06\/banner-bg-4-m.png\",\"contentUrl\":\"https:\/\/homolog.harald.com.br\/site-2026\/wp-content\/uploads\/2022\/06\/banner-bg-4-m.png\",\"width\":975,\"height\":520},{\"@type\":\"BreadcrumbList\",\"@id\":\"https:\/\/homolog.harald.com.br\/site-2026\/sobre-a-harald\/nossa-historia\/#breadcrumb\",\"itemListElement\":[{\"@type\":\"ListItem\",\"position\":1,\"name\":\"In\u00edcio\",\"item\":\"https:\/\/homolog.harald.com.br\/site-2026\/\"},{\"@type\":\"ListItem\",\"position\":2,\"name\":\"Quem Somos\",\"item\":\"https:\/\/homolog.harald.com.br\/site-2026\/sobre-a-harald\/\"},{\"@type\":\"ListItem\",\"position\":3,\"name\":\"Nossa Hist\u00f3ria\"}]},{\"@type\":\"WebSite\",\"@id\":\"https:\/\/homolog.harald.com.br\/site-2026\/#website\",\"url\":\"https:\/\/homolog.harald.com.br\/site-2026\/\",\"name\":\"Harald\",\"description\":\"Fazer melhor \u00e9 fazer com paix\u00e3o\",\"publisher\":{\"@id\":\"https:\/\/homolog.harald.com.br\/site-2026\/#organization\"},\"potentialAction\":[{\"@type\":\"SearchAction\",\"target\":{\"@type\":\"EntryPoint\",\"urlTemplate\":\"https:\/\/homolog.harald.com.br\/site-2026\/?s={search_term_string}\"},\"query-input\":{\"@type\":\"PropertyValueSpecification\",\"valueRequired\":true,\"valueName\":\"search_term_string\"}}],\"inLanguage\":\"pt-BR\"},{\"@type\":\"Organization\",\"@id\":\"https:\/\/homolog.harald.com.br\/site-2026\/#organization\",\"name\":\"Harald\",\"url\":\"https:\/\/homolog.harald.com.br\/site-2026\/\",\"logo\":{\"@type\":\"ImageObject\",\"inLanguage\":\"pt-BR\",\"@id\":\"https:\/\/homolog.harald.com.br\/site-2026\/#\/schema\/logo\/image\/\",\"url\":\"https:\/\/homolog.harald.com.br\/site-2026\/wp-content\/uploads\/2022\/09\/logo-harald-cmyk-ss.png\",\"contentUrl\":\"https:\/\/homolog.harald.com.br\/site-2026\/wp-content\/uploads\/2022\/09\/logo-harald-cmyk-ss.png\",\"width\":1948,\"height\":1051,\"caption\":\"Harald\"},\"image\":{\"@id\":\"https:\/\/homolog.harald.com.br\/site-2026\/#\/schema\/logo\/image\/\"},\"sameAs\":[\"https:\/\/www.facebook.com\/HaraldChocolates\/\",\"https:\/\/www.youtube.com\/user\/HaraldChocolates\"]}]}<\/script>\n<!-- \/ Yoast SEO plugin. -->","yoast_head_json":{"title":"Nossa Hist\u00f3ria - Harald","robots":{"index":"noindex","follow":"follow","max-snippet":"max-snippet:-1","max-image-preview":"max-image-preview:large","max-video-preview":"max-video-preview:-1"},"og_locale":"pt_BR","og_type":"article","og_title":"Nossa Hist\u00f3ria - Harald","og_description":"Em 2024, a Harald completou 42 anos de uma trajet\u00f3ria que come\u00e7ou em 1888, quando Franz Neugebauer, imigrante alem\u00e3o, instalou-se em Porto Alegre, em busca de novas oportunidades, trazendo consigo t\u00e9cnicas e receitas de confeitaria. De imediato, ele percebeu a car\u00eancia no com\u00e9rcio local de doces, compotas e geleias, e, em 1891, com seu irm\u00e3o Read more...","og_url":"https:\/\/homolog.harald.com.br\/site-2026\/sobre-a-harald\/nossa-historia\/","og_site_name":"Harald","article_publisher":"https:\/\/www.facebook.com\/HaraldChocolates\/","article_modified_time":"2026-01-09T03:48:40+00:00","og_image":[{"width":975,"height":520,"url":"https:\/\/homolog.harald.com.br\/site-2026\/wp-content\/uploads\/2022\/06\/banner-bg-4-m.png","type":"image\/png"}],"twitter_card":"summary_large_image","twitter_misc":{"Est. tempo de leitura":"2 minutos"},"schema":{"@context":"https:\/\/schema.org","@graph":[{"@type":"WebPage","@id":"https:\/\/homolog.harald.com.br\/site-2026\/sobre-a-harald\/nossa-historia\/","url":"https:\/\/homolog.harald.com.br\/site-2026\/sobre-a-harald\/nossa-historia\/","name":"Nossa Hist\u00f3ria - Harald","isPartOf":{"@id":"https:\/\/homolog.harald.com.br\/site-2026\/#website"},"primaryImageOfPage":{"@id":"https:\/\/homolog.harald.com.br\/site-2026\/sobre-a-harald\/nossa-historia\/#primaryimage"},"image":{"@id":"https:\/\/homolog.harald.com.br\/site-2026\/sobre-a-harald\/nossa-historia\/#primaryimage"},"thumbnailUrl":"https:\/\/homolog.harald.com.br\/site-2026\/wp-content\/uploads\/2022\/06\/banner-bg-4-m.png","datePublished":"2022-06-18T14:59:47+00:00","dateModified":"2026-01-09T03:48:40+00:00","breadcrumb":{"@id":"https:\/\/homolog.harald.com.br\/site-2026\/sobre-a-harald\/nossa-historia\/#breadcrumb"},"inLanguage":"pt-BR","potentialAction":[{"@type":"ReadAction","target":["https:\/\/homolog.harald.com.br\/site-2026\/sobre-a-harald\/nossa-historia\/"]}]},{"@type":"ImageObject","inLanguage":"pt-BR","@id":"https:\/\/homolog.harald.com.br\/site-2026\/sobre-a-harald\/nossa-historia\/#primaryimage","url":"https:\/\/homolog.harald.com.br\/site-2026\/wp-content\/uploads\/2022\/06\/banner-bg-4-m.png","contentUrl":"https:\/\/homolog.harald.com.br\/site-2026\/wp-content\/uploads\/2022\/06\/banner-bg-4-m.png","width":975,"height":520},{"@type":"BreadcrumbList","@id":"https:\/\/homolog.harald.com.br\/site-2026\/sobre-a-harald\/nossa-historia\/#breadcrumb","itemListElement":[{"@type":"ListItem","position":1,"name":"In\u00edcio","item":"https:\/\/homolog.harald.com.br\/site-2026\/"},{"@type":"ListItem","position":2,"name":"Quem Somos","item":"https:\/\/homolog.harald.com.br\/site-2026\/sobre-a-harald\/"},{"@type":"ListItem","position":3,"name":"Nossa Hist\u00f3ria"}]},{"@type":"WebSite","@id":"https:\/\/homolog.harald.com.br\/site-2026\/#website","url":"https:\/\/homolog.harald.com.br\/site-2026\/","name":"Harald","description":"Fazer melhor \u00e9 fazer com paix\u00e3o","publisher":{"@id":"https:\/\/homolog.harald.com.br\/site-2026\/#organization"},"potentialAction":[{"@type":"SearchAction","target":{"@type":"EntryPoint","urlTemplate":"https:\/\/homolog.harald.com.br\/site-2026\/?s={search_term_string}"},"query-input":{"@type":"PropertyValueSpecification","valueRequired":true,"valueName":"search_term_string"}}],"inLanguage":"pt-BR"},{"@type":"Organization","@id":"https:\/\/homolog.harald.com.br\/site-2026\/#organization","name":"Harald","url":"https:\/\/homolog.harald.com.br\/site-2026\/","logo":{"@type":"ImageObject","inLanguage":"pt-BR","@id":"https:\/\/homolog.harald.com.br\/site-2026\/#\/schema\/logo\/image\/","url":"https:\/\/homolog.harald.com.br\/site-2026\/wp-content\/uploads\/2022\/09\/logo-harald-cmyk-ss.png","contentUrl":"https:\/\/homolog.harald.com.br\/site-2026\/wp-content\/uploads\/2022\/09\/logo-harald-cmyk-ss.png","width":1948,"height":1051,"caption":"Harald"},"image":{"@id":"https:\/\/homolog.harald.com.br\/site-2026\/#\/schema\/logo\/image\/"},"sameAs":["https:\/\/www.facebook.com\/HaraldChocolates\/","https:\/\/www.youtube.com\/user\/HaraldChocolates"]}]}},"uagb_featured_image_src":{"full":["https:\/\/homolog.harald.com.br\/site-2026\/wp-content\/uploads\/2022\/06\/banner-bg-4-m.png",975,520,false],"thumbnail":["https:\/\/homolog.harald.com.br\/site-2026\/wp-content\/uploads\/2022\/06\/banner-bg-4-m-150x150.png",150,150,true],"medium":["https:\/\/homolog.harald.com.br\/site-2026\/wp-content\/uploads\/2022\/06\/banner-bg-4-m-300x160.png",300,160,true],"medium_large":["https:\/\/homolog.harald.com.br\/site-2026\/wp-content\/uploads\/2022\/06\/banner-bg-4-m-768x410.png",768,410,true],"large":["https:\/\/homolog.harald.com.br\/site-2026\/wp-content\/uploads\/2022\/06\/banner-bg-4-m.png",975,520,false],"1536x1536":["https:\/\/homolog.harald.com.br\/site-2026\/wp-content\/uploads\/2022\/06\/banner-bg-4-m.png",975,520,false],"2048x2048":["https:\/\/homolog.harald.com.br\/site-2026\/wp-content\/uploads\/2022\/06\/banner-bg-4-m.png",975,520,false],"full-width":["https:\/\/homolog.harald.com.br\/site-2026\/wp-content\/uploads\/2022\/06\/banner-bg-4-m.png",975,520,false],"gform-image-choice-sm":["https:\/\/homolog.harald.com.br\/site-2026\/wp-content\/uploads\/2022\/06\/banner-bg-4-m.png",300,160,false],"gform-image-choice-md":["https:\/\/homolog.harald.com.br\/site-2026\/wp-content\/uploads\/2022\/06\/banner-bg-4-m.png",400,213,false],"gform-image-choice-lg":["https:\/\/homolog.harald.com.br\/site-2026\/wp-content\/uploads\/2022\/06\/banner-bg-4-m.png",600,320,false]},"uagb_author_info":{"display_name":"rafaelfndev","author_link":"https:\/\/homolog.harald.com.br\/site-2026\/blog\/author\/rafaelfndev\/"},"uagb_comment_info":0,"uagb_excerpt":"Em 2024, a Harald completou 42 anos de uma trajet\u00f3ria que come\u00e7ou em 1888, quando Franz Neugebauer, imigrante alem\u00e3o, instalou-se em Porto Alegre, em busca de novas oportunidades, trazendo consigo t\u00e9cnicas e receitas de confeitaria. De imediato, ele percebeu a car\u00eancia no com\u00e9rcio local de doces, compotas e geleias, e, em 1891, com seu irm\u00e3o&hellip;","_links":{"self":[{"href":"https:\/\/homolog.harald.com.br\/site-2026\/wp-json\/wp\/v2\/pages\/8062","targetHints":{"allow":["GET"]}}],"collection":[{"href":"https:\/\/homolog.harald.com.br\/site-2026\/wp-json\/wp\/v2\/pages"}],"about":[{"href":"https:\/\/homolog.harald.com.br\/site-2026\/wp-json\/wp\/v2\/types\/page"}],"author":[{"embeddable":true,"href":"https:\/\/homolog.harald.com.br\/site-2026\/wp-json\/wp\/v2\/users\/1"}],"replies":[{"embeddable":true,"href":"https:\/\/homolog.harald.com.br\/site-2026\/wp-json\/wp\/v2\/comments?post=8062"}],"version-history":[{"count":27,"href":"https:\/\/homolog.harald.com.br\/site-2026\/wp-json\/wp\/v2\/pages\/8062\/revisions"}],"predecessor-version":[{"id":343486,"href":"https:\/\/homolog.harald.com.br\/site-2026\/wp-json\/wp\/v2\/pages\/8062\/revisions\/343486"}],"up":[{"embeddable":true,"href":"https:\/\/homolog.harald.com.br\/site-2026\/wp-json\/wp\/v2\/pages\/8050"}],"wp:featuredmedia":[{"embeddable":true,"href":"https:\/\/homolog.harald.com.br\/site-2026\/wp-json\/wp\/v2\/media\/8112"}],"wp:attachment":[{"href":"https:\/\/homolog.harald.com.br\/site-2026\/wp-json\/wp\/v2\/media?parent=8062"}],"curies":[{"name":"wp","href":"https:\/\/api.w.org\/{rel}","templated":true}]}}