{"id":134955,"date":"2023-12-29T10:30:54","date_gmt":"2023-12-29T13:30:54","guid":{"rendered":"https:\/\/homolog.harald.com.br\/site-2026\/?page_id=134955"},"modified":"2026-02-09T09:20:23","modified_gmt":"2026-02-09T12:20:23","slug":"sustentabilidade","status":"publish","type":"page","link":"https:\/\/homolog.harald.com.br\/site-2026\/sobre-a-harald\/sustentabilidade\/","title":{"rendered":"Sustentabilidade"},"content":{"rendered":"\n<p>Aqui na Harald, estamos comprometidos em liderar iniciativas e sustentabilidade que promovam pr\u00e1ticas ambientalmente respons\u00e1veis e socialmente conscientes. Neste espa\u00e7o, convidamos voc\u00ea a explorar os diversos projetos e compromissos que temos em andamento, visando contribuir para um futuro mais sustent\u00e1vel.<\/p>\n\n\n\n<div class=\"wp-block-uagb-container sustentability-list uagb-block-ff2a23e4 alignfull uagb-is-root-container\"><div class=\"uagb-container-inner-blocks-wrap\">\n<div class=\"wp-block-uagb-container uagb-block-60aaddb2\"><div class=\"expansible-card\" aria-expanded=\"false\">\n\t<div class=\"card-background\" style=\"background-image: url('https:\/\/homolog.harald.com.br\/site-2026\/wp-content\/uploads\/2025\/12\/visao.webp')\"><\/div>\n\t<h3 class=\"card-title\">Compromisso do  Grupo Fuji Oil<\/h3>\n\t<div class=\"card-text\" aria-hidden=\"true\"><p>A Harald, integrante do Grupo Fuji Oil, est\u00e1 alinhada aos compromissos globais de sustentabilidade estabelecidos pela matriz. Nossa dedica\u00e7\u00e3o em promover pr\u00e1ticas sustent\u00e1veis estende-se a todas as fases de nossa cadeia de produ\u00e7\u00e3o, desde a origem dos ingredientes at\u00e9 a entrega final de nossos produtos. Convidamos voc\u00ea a explorar mais sobre os compromissos e iniciativas do Grupo Fuji Oil em prol da sustentabilidade visitando o site oficial do grupo, <a href=\"https:\/\/www.fujioil.co.jp\/en\/sustainability\/\" target=\"_blank\" rel=\"noopener\">clicando aqui<\/a>.<\/p>\n<p>O\u00a0Grupo Fuji Oil\u00a0publica anualmente um Relat\u00f3rio Integrado e um Relat\u00f3rio de Sustentabilidade como ferramentas de comunica\u00e7\u00e3o com todas as partes interessadas, visando a transpar\u00eancia em torno deste tema, e que oferece uma vis\u00e3o abrangente dos neg\u00f3cios do do grupo ao descrever suas estrat\u00e9gias de m\u00e9dio e longo prazo. Voc\u00ea pode ter acesso ao relat\u00f3rio\u00a0<a href=\"https:\/\/www.fujioil.co.jp\/en\/sustainability\/download\/\" target=\"_blank\" rel=\"noopener\">clicando neste link<\/a>.<\/p>\n<\/div>\n\t<button class=\"card-read-more\"><span>Ler mais<\/span><\/button>\n<\/div>\n<\/div>\n\n\n\n<div class=\"wp-block-uagb-container uagb-block-1e6fffc1\"><div class=\"expansible-card\" aria-expanded=\"false\">\n\t<div class=\"card-background\" style=\"background-image: url('https:\/\/homolog.harald.com.br\/site-2026\/wp-content\/uploads\/2026\/01\/fornecimento-sustentavel.webp')\"><\/div>\n\t<h3 class=\"card-title\">Fornecimento Sustent\u00e1vel<\/h3>\n\t<div class=\"card-text\" aria-hidden=\"true\"><p>Com base na filosofia de gest\u00e3o estabelecida pelo\u00a0Grupo Fuji Oil, a\u00a0Harald\u00a0tem o compromisso de contribuir para a sociedade por meio de suas atividades empresariais, promovendo o desenvolvimento sustent\u00e1vel e mantendo uma comunica\u00e7\u00e3o aberta com todos os nossos stakeholders. Acreditamos firmemente que nossas aquisi\u00e7\u00f5es devem ser ambientalmente, socialmente e economicamente sustent\u00e1veis.<\/p>\n<p>Por isso, mantemos uma preocupa\u00e7\u00e3o constante, expressamente prevista nos contratos e termos de compromisso que firmamos com nossos fornecedores, para garantir que eles atendam aos requisitos necess\u00e1rios para colaborar na constru\u00e7\u00e3o de uma sociedade sustent\u00e1vel. Isso inclui o respeito aos direitos humanos, a garantia da qualidade e seguran\u00e7a dos alimentos, a prote\u00e7\u00e3o do meio ambiente, a integridade nos neg\u00f3cios, a gest\u00e3o de riscos e a remedia\u00e7\u00e3o quando necess\u00e1rio.<br \/>\nConhe\u00e7a nossa Pol\u00edtica de Aquisi\u00e7\u00e3o Sustent\u00e1vel de \u00d3leo de Palma,\u00a0<a href=\"https:\/\/harald.com.br\/wp-content\/uploads\/2024\/05\/responsible-palm-oil-sourcing-policy.pdf\" target=\"_blank\" rel=\"noopener\">clicando aqui<\/a>.<\/p>\n<p>Conhe\u00e7a tamb\u00e9m nossa Pol\u00edtica de Aquisi\u00e7\u00e3o Respons\u00e1vel de Cacau, <a href=\"https:\/\/harald.com.br\/wp-content\/uploads\/2024\/05\/responsible-cocoa-sourcing-policy.pdf\" target=\"_blank\" rel=\"noopener\">clicando aqui<\/a>.<br \/>\nPara visualizar nosso C\u00f3digo de Conduta do Fornecedor,\u00a0clique aqui.<\/p>\n<\/div>\n\t<button class=\"card-read-more\"><span>Ler mais<\/span><\/button>\n<\/div>\n<\/div>\n\n\n\n<div class=\"wp-block-uagb-container uagb-block-f1913123\"><div class=\"expansible-card\" aria-expanded=\"false\">\n\t<div class=\"card-background\" style=\"background-image: url('https:\/\/homolog.harald.com.br\/site-2026\/wp-content\/uploads\/2026\/01\/saude-seguranca-operacional.webp')\"><\/div>\n\t<h3 class=\"card-title\">Sa\u00fade e Seguran\u00e7a Operacional<\/h3>\n\t<div class=\"card-text\" aria-hidden=\"true\"><p>Na\u00a0Harald, reconhecemos que nossos colaboradores s\u00e3o o cora\u00e7\u00e3o pulsante de nossas opera\u00e7\u00f5es comerciais. Em um cen\u00e1rio de diversidade de estilos de trabalho e crescente mobilidade laboral, priorizar a seguran\u00e7a e o bem-estar de nossa equipe n\u00e3o \u00e9 apenas uma obriga\u00e7\u00e3o social, mas tamb\u00e9m uma pedra angular de nossa gest\u00e3o sustent\u00e1vel.<\/p>\n<p>Nossas iniciativas para promover a sa\u00fade e a seguran\u00e7a ocupacional refletem diretamente nosso compromisso com o cuidado de nossos colaboradores. Alinhados com nosso primeiro valor, \u201cseguran\u00e7a, qualidade e meio ambiente\u201d, consideramos a seguran\u00e7a ocupacional como nossa prioridade m\u00e1xima. Nosso objetivo inabal\u00e1vel \u00e9 proteger a vida e a sa\u00fade de nossa equipe, visando a elimina\u00e7\u00e3o de acidentes de trabalho.<\/p>\n<p><strong>Auditoria SMETA<\/strong><\/p>\n<p>Como parte de nosso compromisso com a responsabilidade social e a gest\u00e3o socioambiental, somos membros ativos da Sedex e realizamos auditorias SMETA. Essas auditorias abrangem os quatro pilares essenciais: Sa\u00fade e Seguran\u00e7a, Normas Laborais, Meio Ambiente e \u00c9tica nos Neg\u00f3cios. Ao aderirmos a esses padr\u00f5es rigorosos, buscamos constantemente aprimorar nosso desempenho e refor\u00e7ar nossa responsabilidade social e \u00e9tica como empresa.<\/p>\n<p>Na\u00a0Harald, n\u00e3o apenas valorizamos nossos colaboradores, mas tamb\u00e9m nos esfor\u00e7amos continuamente para proporcionar a eles um ambiente de trabalho seguro, saud\u00e1vel e gratificante. Por meio de nossos esfor\u00e7os conjuntos, estamos construindo um futuro onde a seguran\u00e7a e o bem-estar ocupacional sejam prioridades inegoci\u00e1veis. Junte-se a n\u00f3s nessa jornada em prol de uma for\u00e7a de trabalho segura e saud\u00e1vel.<\/p>\n<p>Saiba mais sobre a auditoria SMETA,\u00a0clicando aqui.<\/p>\n<\/div>\n\t<button class=\"card-read-more\"><span>Ler mais<\/span><\/button>\n<\/div>\n<\/div>\n\n\n\n<div class=\"wp-block-uagb-container uagb-block-534de6e7\"><div class=\"expansible-card\" aria-expanded=\"false\">\n\t<div class=\"card-background\" style=\"background-image: url('https:\/\/homolog.harald.com.br\/site-2026\/wp-content\/uploads\/2026\/01\/seguranca-qualidade-alimentos.webp')\"><\/div>\n\t<h3 class=\"card-title\">Seguran\u00e7a e Qualidade dos Alimentos<\/h3>\n\t<div class=\"card-text\" aria-hidden=\"true\"><p>Na\u00a0Harald, como fabricante de ingredientes alimentares e participante ativo nas cadeias de abastecimento alimentar, reconhecemos plenamente nosso potencial impacto na seguran\u00e7a alimentar. Entendemos que garantir a seguran\u00e7a e a qualidade dos alimentos \u00e9 crucial em todas as etapas, desde a concep\u00e7\u00e3o do produto at\u00e9 a entrega aos consumidores finais.<\/p>\n<p>Nossa abordagem para fornecer produtos seguros e de alta qualidade \u00e9 fundamentada em uma pol\u00edtica robusta de qualidade e seguran\u00e7a alimentar, respaldada por um sistema de garantia cont\u00ednua que abrange todas as fases da cadeia de valor. Desde a sele\u00e7\u00e3o criteriosa de mat\u00e9rias-primas at\u00e9 os processos de fabrica\u00e7\u00e3o e distribui\u00e7\u00e3o, priorizamos a seguran\u00e7a do produto e a consist\u00eancia da qualidade.<\/p>\n<p><strong>Certifica\u00e7\u00e3o FSSC 22000<\/strong><\/p>\n<p>Na pr\u00e1tica, isso significa que trabalhamos incessantemente para melhorar nossos processos, visando atender e at\u00e9 mesmo superar os mais rigorosos padr\u00f5es de seguran\u00e7a e qualidade alimentar. Nosso compromisso com a excel\u00eancia nesse aspecto \u00e9 refletido em nossa certifica\u00e7\u00e3o FSSC 22000, que estamos mantendo desde 2016.<\/p>\n<p>Al\u00e9m disso, reconhecemos a import\u00e2ncia da sensibiliza\u00e7\u00e3o e do treinamento cont\u00ednuo de nossos colaboradores para garantir que todos estejam alinhados com nossos padr\u00f5es rigorosos. Acreditamos que, ao priorizar a seguran\u00e7a e a qualidade alimentar em todas as nossas opera\u00e7\u00f5es, estamos n\u00e3o apenas cumprindo nossas responsabilidades como fabricantes, mas tamb\u00e9m contribuindo para um mundo onde os alimentos sejam sempre seguros, saud\u00e1veis e confi\u00e1veis.<\/p>\n<p>Conhe\u00e7a nossa Pol\u00edtica de Qualidade e Seguran\u00e7a dos Alimentos, <a href=\"https:\/\/harald.com.br\/sobre-a-harald\/politica-de-qualidade\/\" target=\"_blank\" rel=\"noopener\">clicando aqui<\/a>.<\/p>\n<p>Saiba mais sobre a certifica\u00e7\u00e3o FSSC 22000, <a href=\"https:\/\/www.fssc.com\/schemes\/fssc-22000\/\" target=\"_blank\" rel=\"noopener\">clicando aqui<\/a>.<\/p>\n<\/div>\n\t<button class=\"card-read-more\"><span>Ler mais<\/span><\/button>\n<\/div>\n<\/div>\n\n\n\n<div class=\"wp-block-uagb-container uagb-block-dd307652\"><div class=\"expansible-card\" aria-expanded=\"false\">\n\t<div class=\"card-background\" style=\"background-image: url('https:\/\/homolog.harald.com.br\/site-2026\/wp-content\/uploads\/2026\/01\/logistica-reversa.webp')\"><\/div>\n\t<h3 class=\"card-title\">Log\u00edstica  Reversa<\/h3>\n\t<div class=\"card-text\" aria-hidden=\"true\"><p>Acreditamos que nossa\u00a0responsabilidade ambiental\u00a0se estende al\u00e9m da qualidade de nossos produtos at\u00e9 o ciclo de vida completo de nossas embalagens. Comprometidos com a sustentabilidade, incorporamos a log\u00edstica reversa como parte integrante de nossa opera\u00e7\u00e3o. Ao criar um sistema de\u00a0coleta e reciclagem, garantimos que nossas embalagens n\u00e3o se tornem res\u00edduos indesejados no meio ambiente. Colaboramos com parceiros locais e iniciativas de reciclagem para garantir que cada embalagem tenha a chance de ser reutilizada ou reciclada.<\/p>\n<p>Compromisso com o meio ambiente<br \/>\nAo adotar a log\u00edstica reversa, reduzimos significativamente nosso\u00a0impacto ambiental. Menos res\u00edduos v\u00e3o para aterros sanit\u00e1rios, contribuindo para a preserva\u00e7\u00e3o de ecossistemas vitais. Isso n\u00e3o apenas beneficia o meio ambiente, mas tamb\u00e9m reflete nosso compromisso em inovar constantemente para minimizar o impacto de nossas opera\u00e7\u00f5es no planeta.<\/p>\n<p>Parceria estrat\u00e9gica<br \/>\nAtualmente, nosso projeto de log\u00edstica reversa \u00e9 conduzido em parceria com a\u00a0Abimapi\u00a0e envolve nossa participa\u00e7\u00e3o ativa no\u00a0Programa M\u00e3os Pro Futuro. Atrav\u00e9s dessa iniciativa, estamos implementando a pr\u00e1tica de log\u00edstica reversa por meio da estrutura\u00e7\u00e3o, capacita\u00e7\u00e3o e divulga\u00e7\u00e3o das cooperativas, visando o retorno eficiente das embalagens p\u00f3s-consumo \u00e0 ind\u00fastria de mat\u00e9ria-prima. Este processo \u00e9 fundamental n\u00e3o apenas para cumprir com nossas responsabilidades ambientais, mas tamb\u00e9m para promover a economia circular, onde os res\u00edduos s\u00e3o reintegrados \u00e0 cadeia produtiva, reduzindo assim o impacto ambiental e promovendo a sustentabilidade em toda a nossa opera\u00e7\u00e3o.<br \/>\nSaiba mais sobre o\u00a0Programa M\u00e3os Pro Futuro,\u00a0clicando aqui.<\/p>\n<\/div>\n\t<button class=\"card-read-more\"><span>Ler mais<\/span><\/button>\n<\/div>\n<\/div>\n\n\n\n<div class=\"wp-block-uagb-container uagb-block-335da2ba\"><div class=\"expansible-card\" aria-expanded=\"false\">\n\t<div class=\"card-background\" style=\"background-image: url('https:\/\/homolog.harald.com.br\/site-2026\/wp-content\/uploads\/2026\/01\/cocoa-action.webp')\"><\/div>\n\t<h3 class=\"card-title\">Cocoa  Action<\/h3>\n\t<div class=\"card-text\" aria-hidden=\"true\"><p>Na\u00a0Harald, acreditamos que a qualidade de nossos chocolates vai muito al\u00e9m do sabor. Dessa forma, estamos comprometidos com a sustentabilidade, responsabilidade social e ambiental, e nos orgulhamos de participar ativamente do\u00a0<a href=\"https:\/\/www.worldcocoafoundation.org\/initiative\/cocoaaction-brasil-por\/\" target=\"_blank\" rel=\"noopener\">CocoaAction<\/a>. iniciativa promovida pela\u00a0World Cocoa Foundation.<\/p>\n<p>O\u00a0CocoaAction\u00a0\u00e9 uma iniciativa global que visa promover pr\u00e1ticas sustent\u00e1veis na produ\u00e7\u00e3o de cacau, garantindo o bem-estar dos agricultores e a preserva\u00e7\u00e3o ambiental. Na\u00a0Harald, integramos essa miss\u00e3o em nossa filosofia, contribuindo para criar um setor de cacau mais justo e equitativo.<\/p>\n<p>Compromisso com a comunidade<br \/>\nAo fazer parte dessa iniciativa, estamos comprometidos em apoiar o desenvolvimento sustent\u00e1vel das comunidades produtoras de cacau, implementando pr\u00e1ticas agr\u00edcolas respons\u00e1veis e promovendo condi\u00e7\u00f5es de trabalho dignas. Al\u00e9m disso, essa parceria reflete nosso compromisso em fornecer produtos de alta qualidade, ao mesmo tempo em que contribu\u00edmos para a constru\u00e7\u00e3o de um futuro mais sustent\u00e1vel para todos os envolvidos na cadeia de produ\u00e7\u00e3o de cacau.<\/p>\n<\/div>\n\t<button class=\"card-read-more\"><span>Ler mais<\/span><\/button>\n<\/div>\n<\/div>\n\n\n\n<div class=\"wp-block-uagb-container uagb-block-1a80257c\"><div class=\"expansible-card\" aria-expanded=\"false\">\n\t<div class=\"card-background\" style=\"background-image: url('https:\/\/homolog.harald.com.br\/site-2026\/wp-content\/uploads\/2026\/01\/responsabilidade-social.webp')\"><\/div>\n\t<h3 class=\"card-title\">Responsabilidade  Social<\/h3>\n\t<div class=\"card-text\" aria-hidden=\"true\"><p>Com um foco claro em responsabilidade social e na cria\u00e7\u00e3o de oportunidades para comunidades brasileiras, a\u00a0Harald\u00a0implementa o\u00a0Programa de Forma\u00e7\u00e3o em Chocolataria e Empreendedorismo. Atualmente, a iniciativa estabelece parcerias com 10 ONGs, visando capacitar indiv\u00edduos em situa\u00e7\u00e3o de vulnerabilidade social.<\/p>\n<p>O objetivo central da iniciativa da\u00a0<a href=\"https:\/\/harald.com.br\/produtos\/\">Harald<\/a>, acima de tudo, \u00e9 impulsionar novas oportunidades de gera\u00e7\u00e3o de renda, contribuindo significativamente para um setor vital da economia composto por pequenos neg\u00f3cios e empreendedores emergentes.<\/p>\n<p>Compromisso social e cultural<br \/>\nAl\u00e9m disso, um diferencial distintivo \u00e9 o compromisso da marca em compreender profundamente a cultura local. Al\u00e9m de estabelecer parcerias com organiza\u00e7\u00f5es comunit\u00e1rias, a\u00a0Harald\u00a0participa ativamente no planejamento e execu\u00e7\u00e3o dos projetos. A empresa oferece cursos gratuitos nas institui\u00e7\u00f5es parceiras, proporcionando uma compreens\u00e3o abrangente do contexto social para melhorar a efic\u00e1cia e produtividade do programa. Al\u00e9m disso, a\u00a0Harald\u00a0promove a capacita\u00e7\u00e3o cont\u00ednua dos professores e oferece suporte para a realiza\u00e7\u00e3o de cursos e oficinas.<\/p>\n<p><strong>Parceiros Sociais<\/strong><br \/>\nEntre as ONGs e entidades colaboradoras est\u00e3o:\u00a0<a href=\"https:\/\/www.aldeiadofuturo.org.br\/\" target=\"_blank\" rel=\"noopener\">Aldeia do Futuro<\/a>, Fundo Social de Solidariedade de Cajamar, Gastronomia Perif\u00e9rica, Instituto Consulado da Mulher, Kolping Aldeia \u2013 Carapicu\u00edba, Mensageiros da Esperan\u00e7a\/Instituto Inova\u00e7\u00e3o Sustent\u00e1vel, Prefeitura de Barueri \u2013 Programa Emp\u00f3rio M\u00e3es Cuidadoras, Secretaria da Mulher da Prefeitura de Santana de Parna\u00edba,\u00a0<a href=\"https:\/\/www.unas.org.br\/\" target=\"_blank\" rel=\"noopener\">UNAS Heli\u00f3polis<\/a>\u00a0e Uni\u00e3o de Moradores e Com\u00e9rcio de Parais\u00f3polis \u2013 Projeto M\u00e3os de Maria \u2013 G1o Favelas.<\/p>\n<\/div>\n\t<button class=\"card-read-more\"><span>Ler mais<\/span><\/button>\n<\/div>\n<\/div>\n\n\n\n<div class=\"wp-block-uagb-container uagb-block-13577edb\"><div class=\"expansible-card\" aria-expanded=\"false\">\n\t<div class=\"card-background\" style=\"background-image: url('https:\/\/homolog.harald.com.br\/site-2026\/wp-content\/uploads\/2026\/01\/diversidade-equidade-inclusao.webp')\"><\/div>\n\t<h3 class=\"card-title\">Diversidade, Equidade e Inclus\u00e3o <\/h3>\n\t<div class=\"card-text\" aria-hidden=\"true\"><p>Na\u00a0Harald, reconhecemos a import\u00e2ncia fundamental de respeitar e valorizar a diversidade em nossa for\u00e7a de trabalho. Como parte de nossa responsabilidade social, estamos comprometidos em promover a diversidade, equidade e inclus\u00e3o em todas as \u00e1reas de nossa gest\u00e3o de neg\u00f3cios. Acreditamos firmemente no poder da diversidade para impulsionar a inova\u00e7\u00e3o, fortalecer nossa cultura corporativa e criar um ambiente onde todos os colaboradores se sintam valorizados e respeitados.<\/p>\n<p>Nosso compromisso com a diversidade vai al\u00e9m de meras palavras. Estamos empenhados em acelerar a cria\u00e7\u00e3o e entrega de novos valores para a sociedade, investindo no recrutamento, desenvolvimento e reten\u00e7\u00e3o de talentos diversos. Atrav\u00e9s de pol\u00edticas e pr\u00e1ticas inclusivas, buscamos criar uma cultura corporativa que celebra as diferen\u00e7as e oferece oportunidades igualit\u00e1rias para todos os colaboradores demonstrarem todo o seu potencial.<\/p>\n<p><strong>Crescimento sustent\u00e1vel<\/strong><br \/>\nNa\u00a0Harald, a diversidade n\u00e3o \u00e9 apenas uma meta a ser alcan\u00e7ada, mas sim um valor fundamental que impulsiona nossa busca pela excel\u00eancia e pelo crescimento sustent\u00e1vel. Estamos comprometidos em criar um ambiente de trabalho onde a diversidade seja celebrada, a equidade seja garantida e a inclus\u00e3o seja uma realidade para todos.<\/p>\n<p>Para saber mais, conhe\u00e7a nosso Guia de Diversidade e Inclus\u00e3o,\u00a0<a href=\"https:\/\/harald.com.br\/wp-content\/uploads\/2023\/11\/harald-guia-de-diversidade-e-inclusao.pdf\" target=\"_blank\" rel=\"noopener\">clicando aqui<\/a>.<br \/>\nConfira tamb\u00e9m o nosso C\u00f3digo de Conduta,\u00a0<a href=\"https:\/\/harald.com.br\/sobre-a-harald\/nosso-codigo-de-conduta\/\" target=\"_blank\" rel=\"noopener\">clicando aqui<\/a>.<\/p>\n<\/div>\n\t<button class=\"card-read-more\"><span>Ler mais<\/span><\/button>\n<\/div>\n<\/div>\n\n\n\n<div class=\"wp-block-uagb-container uagb-block-10071940\"><div class=\"expansible-card\" aria-expanded=\"false\">\n\t<div class=\"card-background\" style=\"background-image: url('https:\/\/homolog.harald.com.br\/site-2026\/wp-content\/uploads\/2026\/01\/desenvolvimento-recursos-humanos.webp')\"><\/div>\n\t<h3 class=\"card-title\">Desenvolvimento de Recursos Humanos<\/h3>\n\t<div class=\"card-text\" aria-hidden=\"true\"><p>Na\u00a0Harald, reconhecemos que o desenvolvimento de nossos recursos humanos \u00e9 essencial n\u00e3o apenas para a cria\u00e7\u00e3o de valor, mas tamb\u00e9m para o crescimento sustent\u00e1vel de nossa empresa. Acreditamos que ao investir no desenvolvimento das habilidades e compet\u00eancias de nossos colaboradores, estamos construindo uma base s\u00f3lida para o sucesso futuro de nossa organiza\u00e7\u00e3o.<\/p>\n<p>Nossa abordagem valoriza o crescimento conjunto, onde tanto a empresa quanto os colaboradores se apoiam mutuamente em sua jornada de desenvolvimento. Por meio de programas de capacita\u00e7\u00e3o e aprimoramento profissional, buscamos promover o avan\u00e7o de nossos colaboradores para posi\u00e7\u00f5es de lideran\u00e7a, fortalecendo assim nossa capacidade organizacional como um todo.<\/p>\n<p>Great Place To Work (GPTW)<br \/>\nAl\u00e9m disso, somos sermos certificados como\u00a0Great Place To Work (GPTW). Esse reconhecimento reflete nosso compromisso em cultivar um ambiente de trabalho saud\u00e1vel, inclusivo e motivador, onde todos os colaboradores se sintam valorizados e respeitados. Na\u00a0Harald, acreditamos que um ambiente de trabalho positivo \u00e9 fundamental para impulsionar a inova\u00e7\u00e3o, a criatividade e o sucesso coletivo. Estamos comprometidos em construir um futuro brilhante, tanto para nossos colaboradores quanto para nossa empresa como um todo.<br \/>\nSaiba mais sobre o Great Place To Work,\u00a0<a href=\"https:\/\/gptw.com.br\/\" target=\"_blank\" rel=\"noopener\">clicando aqui<\/a>.<\/p>\n<\/div>\n\t<button class=\"card-read-more\"><span>Ler mais<\/span><\/button>\n<\/div>\n<\/div>\n<\/div><\/div>\n","protected":false},"excerpt":{"rendered":"<p>Aqui na Harald, estamos comprometidos em liderar iniciativas e sustentabilidade que promovam pr\u00e1ticas ambientalmente respons\u00e1veis e socialmente conscientes. Neste espa\u00e7o, convidamos voc\u00ea a explorar os diversos projetos e compromissos que temos em andamento, visando contribuir para um futuro mais sustent\u00e1vel.<\/p>\n","protected":false},"author":9,"featured_media":185004,"parent":8050,"menu_order":0,"comment_status":"closed","ping_status":"closed","template":"","meta":{"_acf_changed":false,"_uag_custom_page_level_css":"","footnotes":""},"class_list":["post-134955","page","type-page","status-publish","has-post-thumbnail","hentry"],"acf":[],"yoast_head":"<!-- This site is optimized with the Yoast SEO plugin v26.3 - https:\/\/yoast.com\/wordpress\/plugins\/seo\/ -->\n<title>Sustentabilidade - Harald<\/title>\n<meta name=\"description\" content=\"Estamos comprometidos em liderar iniciativas de sustentabilidade que promovam pr\u00e1ticas ambientalmente respons\u00e1veis e socialmente conscientes.\" \/>\n<meta name=\"robots\" content=\"noindex, follow, max-snippet:-1, max-image-preview:large, max-video-preview:-1\" \/>\n<meta property=\"og:locale\" content=\"pt_BR\" \/>\n<meta property=\"og:type\" content=\"article\" \/>\n<meta property=\"og:title\" content=\"Sustentabilidade - Harald\" \/>\n<meta property=\"og:description\" content=\"Estamos comprometidos em liderar iniciativas de sustentabilidade que promovam pr\u00e1ticas ambientalmente respons\u00e1veis e socialmente conscientes.\" \/>\n<meta property=\"og:url\" content=\"https:\/\/homolog.harald.com.br\/site-2026\/sobre-a-harald\/sustentabilidade\/\" \/>\n<meta property=\"og:site_name\" content=\"Harald\" \/>\n<meta property=\"article:publisher\" content=\"https:\/\/www.facebook.com\/HaraldChocolates\/\" \/>\n<meta property=\"article:modified_time\" content=\"2026-02-09T12:20:23+00:00\" \/>\n<meta property=\"og:image\" content=\"https:\/\/homolog.harald.com.br\/site-2026\/wp-content\/uploads\/2024\/05\/aula-na-harald-aldeia-do-futuro-scaled.jpg\" \/>\n\t<meta property=\"og:image:width\" content=\"2560\" \/>\n\t<meta property=\"og:image:height\" content=\"1271\" \/>\n\t<meta property=\"og:image:type\" content=\"image\/jpeg\" \/>\n<meta name=\"twitter:card\" content=\"summary_large_image\" \/>\n<meta name=\"twitter:label1\" content=\"Est. tempo de leitura\" \/>\n\t<meta name=\"twitter:data1\" content=\"1 minuto\" \/>\n<script type=\"application\/ld+json\" class=\"yoast-schema-graph\">{\"@context\":\"https:\/\/schema.org\",\"@graph\":[{\"@type\":\"WebPage\",\"@id\":\"https:\/\/homolog.harald.com.br\/site-2026\/sobre-a-harald\/sustentabilidade\/\",\"url\":\"https:\/\/homolog.harald.com.br\/site-2026\/sobre-a-harald\/sustentabilidade\/\",\"name\":\"Sustentabilidade - Harald\",\"isPartOf\":{\"@id\":\"https:\/\/homolog.harald.com.br\/site-2026\/#website\"},\"primaryImageOfPage\":{\"@id\":\"https:\/\/homolog.harald.com.br\/site-2026\/sobre-a-harald\/sustentabilidade\/#primaryimage\"},\"image\":{\"@id\":\"https:\/\/homolog.harald.com.br\/site-2026\/sobre-a-harald\/sustentabilidade\/#primaryimage\"},\"thumbnailUrl\":\"https:\/\/homolog.harald.com.br\/site-2026\/wp-content\/uploads\/2024\/05\/aula-na-harald-aldeia-do-futuro-scaled.jpg\",\"datePublished\":\"2023-12-29T13:30:54+00:00\",\"dateModified\":\"2026-02-09T12:20:23+00:00\",\"description\":\"Estamos comprometidos em liderar iniciativas de sustentabilidade que promovam pr\u00e1ticas ambientalmente respons\u00e1veis e socialmente conscientes.\",\"breadcrumb\":{\"@id\":\"https:\/\/homolog.harald.com.br\/site-2026\/sobre-a-harald\/sustentabilidade\/#breadcrumb\"},\"inLanguage\":\"pt-BR\",\"potentialAction\":[{\"@type\":\"ReadAction\",\"target\":[\"https:\/\/homolog.harald.com.br\/site-2026\/sobre-a-harald\/sustentabilidade\/\"]}]},{\"@type\":\"ImageObject\",\"inLanguage\":\"pt-BR\",\"@id\":\"https:\/\/homolog.harald.com.br\/site-2026\/sobre-a-harald\/sustentabilidade\/#primaryimage\",\"url\":\"https:\/\/homolog.harald.com.br\/site-2026\/wp-content\/uploads\/2024\/05\/aula-na-harald-aldeia-do-futuro-scaled.jpg\",\"contentUrl\":\"https:\/\/homolog.harald.com.br\/site-2026\/wp-content\/uploads\/2024\/05\/aula-na-harald-aldeia-do-futuro-scaled.jpg\",\"width\":2560,\"height\":1271},{\"@type\":\"BreadcrumbList\",\"@id\":\"https:\/\/homolog.harald.com.br\/site-2026\/sobre-a-harald\/sustentabilidade\/#breadcrumb\",\"itemListElement\":[{\"@type\":\"ListItem\",\"position\":1,\"name\":\"In\u00edcio\",\"item\":\"https:\/\/homolog.harald.com.br\/site-2026\/\"},{\"@type\":\"ListItem\",\"position\":2,\"name\":\"Quem Somos\",\"item\":\"https:\/\/homolog.harald.com.br\/site-2026\/sobre-a-harald\/\"},{\"@type\":\"ListItem\",\"position\":3,\"name\":\"Sustentabilidade\"}]},{\"@type\":\"WebSite\",\"@id\":\"https:\/\/homolog.harald.com.br\/site-2026\/#website\",\"url\":\"https:\/\/homolog.harald.com.br\/site-2026\/\",\"name\":\"Harald\",\"description\":\"Fazer melhor \u00e9 fazer com paix\u00e3o\",\"publisher\":{\"@id\":\"https:\/\/homolog.harald.com.br\/site-2026\/#organization\"},\"potentialAction\":[{\"@type\":\"SearchAction\",\"target\":{\"@type\":\"EntryPoint\",\"urlTemplate\":\"https:\/\/homolog.harald.com.br\/site-2026\/?s={search_term_string}\"},\"query-input\":{\"@type\":\"PropertyValueSpecification\",\"valueRequired\":true,\"valueName\":\"search_term_string\"}}],\"inLanguage\":\"pt-BR\"},{\"@type\":\"Organization\",\"@id\":\"https:\/\/homolog.harald.com.br\/site-2026\/#organization\",\"name\":\"Harald\",\"url\":\"https:\/\/homolog.harald.com.br\/site-2026\/\",\"logo\":{\"@type\":\"ImageObject\",\"inLanguage\":\"pt-BR\",\"@id\":\"https:\/\/homolog.harald.com.br\/site-2026\/#\/schema\/logo\/image\/\",\"url\":\"https:\/\/homolog.harald.com.br\/site-2026\/wp-content\/uploads\/2022\/09\/logo-harald-cmyk-ss.png\",\"contentUrl\":\"https:\/\/homolog.harald.com.br\/site-2026\/wp-content\/uploads\/2022\/09\/logo-harald-cmyk-ss.png\",\"width\":1948,\"height\":1051,\"caption\":\"Harald\"},\"image\":{\"@id\":\"https:\/\/homolog.harald.com.br\/site-2026\/#\/schema\/logo\/image\/\"},\"sameAs\":[\"https:\/\/www.facebook.com\/HaraldChocolates\/\",\"https:\/\/www.youtube.com\/user\/HaraldChocolates\"]}]}<\/script>\n<!-- \/ Yoast SEO plugin. -->","yoast_head_json":{"title":"Sustentabilidade - Harald","description":"Estamos comprometidos em liderar iniciativas de sustentabilidade que promovam pr\u00e1ticas ambientalmente respons\u00e1veis e socialmente conscientes.","robots":{"index":"noindex","follow":"follow","max-snippet":"max-snippet:-1","max-image-preview":"max-image-preview:large","max-video-preview":"max-video-preview:-1"},"og_locale":"pt_BR","og_type":"article","og_title":"Sustentabilidade - Harald","og_description":"Estamos comprometidos em liderar iniciativas de sustentabilidade que promovam pr\u00e1ticas ambientalmente respons\u00e1veis e socialmente conscientes.","og_url":"https:\/\/homolog.harald.com.br\/site-2026\/sobre-a-harald\/sustentabilidade\/","og_site_name":"Harald","article_publisher":"https:\/\/www.facebook.com\/HaraldChocolates\/","article_modified_time":"2026-02-09T12:20:23+00:00","og_image":[{"width":2560,"height":1271,"url":"https:\/\/homolog.harald.com.br\/site-2026\/wp-content\/uploads\/2024\/05\/aula-na-harald-aldeia-do-futuro-scaled.jpg","type":"image\/jpeg"}],"twitter_card":"summary_large_image","twitter_misc":{"Est. tempo de leitura":"1 minuto"},"schema":{"@context":"https:\/\/schema.org","@graph":[{"@type":"WebPage","@id":"https:\/\/homolog.harald.com.br\/site-2026\/sobre-a-harald\/sustentabilidade\/","url":"https:\/\/homolog.harald.com.br\/site-2026\/sobre-a-harald\/sustentabilidade\/","name":"Sustentabilidade - Harald","isPartOf":{"@id":"https:\/\/homolog.harald.com.br\/site-2026\/#website"},"primaryImageOfPage":{"@id":"https:\/\/homolog.harald.com.br\/site-2026\/sobre-a-harald\/sustentabilidade\/#primaryimage"},"image":{"@id":"https:\/\/homolog.harald.com.br\/site-2026\/sobre-a-harald\/sustentabilidade\/#primaryimage"},"thumbnailUrl":"https:\/\/homolog.harald.com.br\/site-2026\/wp-content\/uploads\/2024\/05\/aula-na-harald-aldeia-do-futuro-scaled.jpg","datePublished":"2023-12-29T13:30:54+00:00","dateModified":"2026-02-09T12:20:23+00:00","description":"Estamos comprometidos em liderar iniciativas de sustentabilidade que promovam pr\u00e1ticas ambientalmente respons\u00e1veis e socialmente conscientes.","breadcrumb":{"@id":"https:\/\/homolog.harald.com.br\/site-2026\/sobre-a-harald\/sustentabilidade\/#breadcrumb"},"inLanguage":"pt-BR","potentialAction":[{"@type":"ReadAction","target":["https:\/\/homolog.harald.com.br\/site-2026\/sobre-a-harald\/sustentabilidade\/"]}]},{"@type":"ImageObject","inLanguage":"pt-BR","@id":"https:\/\/homolog.harald.com.br\/site-2026\/sobre-a-harald\/sustentabilidade\/#primaryimage","url":"https:\/\/homolog.harald.com.br\/site-2026\/wp-content\/uploads\/2024\/05\/aula-na-harald-aldeia-do-futuro-scaled.jpg","contentUrl":"https:\/\/homolog.harald.com.br\/site-2026\/wp-content\/uploads\/2024\/05\/aula-na-harald-aldeia-do-futuro-scaled.jpg","width":2560,"height":1271},{"@type":"BreadcrumbList","@id":"https:\/\/homolog.harald.com.br\/site-2026\/sobre-a-harald\/sustentabilidade\/#breadcrumb","itemListElement":[{"@type":"ListItem","position":1,"name":"In\u00edcio","item":"https:\/\/homolog.harald.com.br\/site-2026\/"},{"@type":"ListItem","position":2,"name":"Quem Somos","item":"https:\/\/homolog.harald.com.br\/site-2026\/sobre-a-harald\/"},{"@type":"ListItem","position":3,"name":"Sustentabilidade"}]},{"@type":"WebSite","@id":"https:\/\/homolog.harald.com.br\/site-2026\/#website","url":"https:\/\/homolog.harald.com.br\/site-2026\/","name":"Harald","description":"Fazer melhor \u00e9 fazer com paix\u00e3o","publisher":{"@id":"https:\/\/homolog.harald.com.br\/site-2026\/#organization"},"potentialAction":[{"@type":"SearchAction","target":{"@type":"EntryPoint","urlTemplate":"https:\/\/homolog.harald.com.br\/site-2026\/?s={search_term_string}"},"query-input":{"@type":"PropertyValueSpecification","valueRequired":true,"valueName":"search_term_string"}}],"inLanguage":"pt-BR"},{"@type":"Organization","@id":"https:\/\/homolog.harald.com.br\/site-2026\/#organization","name":"Harald","url":"https:\/\/homolog.harald.com.br\/site-2026\/","logo":{"@type":"ImageObject","inLanguage":"pt-BR","@id":"https:\/\/homolog.harald.com.br\/site-2026\/#\/schema\/logo\/image\/","url":"https:\/\/homolog.harald.com.br\/site-2026\/wp-content\/uploads\/2022\/09\/logo-harald-cmyk-ss.png","contentUrl":"https:\/\/homolog.harald.com.br\/site-2026\/wp-content\/uploads\/2022\/09\/logo-harald-cmyk-ss.png","width":1948,"height":1051,"caption":"Harald"},"image":{"@id":"https:\/\/homolog.harald.com.br\/site-2026\/#\/schema\/logo\/image\/"},"sameAs":["https:\/\/www.facebook.com\/HaraldChocolates\/","https:\/\/www.youtube.com\/user\/HaraldChocolates"]}]}},"uagb_featured_image_src":{"full":["https:\/\/homolog.harald.com.br\/site-2026\/wp-content\/uploads\/2024\/05\/aula-na-harald-aldeia-do-futuro-scaled.jpg",2560,1271,false],"thumbnail":["https:\/\/homolog.harald.com.br\/site-2026\/wp-content\/uploads\/2024\/05\/aula-na-harald-aldeia-do-futuro-150x150.jpg",150,150,true],"medium":["https:\/\/homolog.harald.com.br\/site-2026\/wp-content\/uploads\/2024\/05\/aula-na-harald-aldeia-do-futuro-300x149.jpg",300,149,true],"medium_large":["https:\/\/homolog.harald.com.br\/site-2026\/wp-content\/uploads\/2024\/05\/aula-na-harald-aldeia-do-futuro-768x381.jpg",768,381,true],"large":["https:\/\/homolog.harald.com.br\/site-2026\/wp-content\/uploads\/2024\/05\/aula-na-harald-aldeia-do-futuro-1024x508.jpg",1024,508,true],"1536x1536":["https:\/\/homolog.harald.com.br\/site-2026\/wp-content\/uploads\/2024\/05\/aula-na-harald-aldeia-do-futuro-1536x763.jpg",1536,763,true],"2048x2048":["https:\/\/homolog.harald.com.br\/site-2026\/wp-content\/uploads\/2024\/05\/aula-na-harald-aldeia-do-futuro-2048x1017.jpg",2048,1017,true],"full-width":["https:\/\/homolog.harald.com.br\/site-2026\/wp-content\/uploads\/2024\/05\/aula-na-harald-aldeia-do-futuro-scaled.jpg",1920,953,false],"gform-image-choice-sm":["https:\/\/homolog.harald.com.br\/site-2026\/wp-content\/uploads\/2024\/05\/aula-na-harald-aldeia-do-futuro-scaled.jpg",300,149,false],"gform-image-choice-md":["https:\/\/homolog.harald.com.br\/site-2026\/wp-content\/uploads\/2024\/05\/aula-na-harald-aldeia-do-futuro-scaled.jpg",400,199,false],"gform-image-choice-lg":["https:\/\/homolog.harald.com.br\/site-2026\/wp-content\/uploads\/2024\/05\/aula-na-harald-aldeia-do-futuro-scaled.jpg",600,298,false]},"uagb_author_info":{"display_name":"CROWD","author_link":"https:\/\/homolog.harald.com.br\/site-2026\/blog\/author\/crowd\/"},"uagb_comment_info":0,"uagb_excerpt":"Aqui na Harald, estamos comprometidos em liderar iniciativas e sustentabilidade que promovam pr\u00e1ticas ambientalmente respons\u00e1veis e socialmente conscientes. Neste espa\u00e7o, convidamos voc\u00ea a explorar os diversos projetos e compromissos que temos em andamento, visando contribuir para um futuro mais sustent\u00e1vel.","_links":{"self":[{"href":"https:\/\/homolog.harald.com.br\/site-2026\/wp-json\/wp\/v2\/pages\/134955","targetHints":{"allow":["GET"]}}],"collection":[{"href":"https:\/\/homolog.harald.com.br\/site-2026\/wp-json\/wp\/v2\/pages"}],"about":[{"href":"https:\/\/homolog.harald.com.br\/site-2026\/wp-json\/wp\/v2\/types\/page"}],"author":[{"embeddable":true,"href":"https:\/\/homolog.harald.com.br\/site-2026\/wp-json\/wp\/v2\/users\/9"}],"replies":[{"embeddable":true,"href":"https:\/\/homolog.harald.com.br\/site-2026\/wp-json\/wp\/v2\/comments?post=134955"}],"version-history":[{"count":17,"href":"https:\/\/homolog.harald.com.br\/site-2026\/wp-json\/wp\/v2\/pages\/134955\/revisions"}],"predecessor-version":[{"id":343786,"href":"https:\/\/homolog.harald.com.br\/site-2026\/wp-json\/wp\/v2\/pages\/134955\/revisions\/343786"}],"up":[{"embeddable":true,"href":"https:\/\/homolog.harald.com.br\/site-2026\/wp-json\/wp\/v2\/pages\/8050"}],"wp:featuredmedia":[{"embeddable":true,"href":"https:\/\/homolog.harald.com.br\/site-2026\/wp-json\/wp\/v2\/media\/185004"}],"wp:attachment":[{"href":"https:\/\/homolog.harald.com.br\/site-2026\/wp-json\/wp\/v2\/media?parent=134955"}],"curies":[{"name":"wp","href":"https:\/\/api.w.org\/{rel}","templated":true}]}}